{"id":4616,"date":"2019-11-07T11:25:21","date_gmt":"2019-11-07T11:25:21","guid":{"rendered":"https:\/\/www.torreabadal.com\/esdeveniments\/"},"modified":"2024-06-26T16:07:02","modified_gmt":"2024-06-26T16:07:02","slug":"esdeveniments","status":"publish","type":"page","link":"https:\/\/www.torreabadal.com\/es\/esdeveniments\/","title":{"rendered":"Eventos"},"content":{"rendered":"<p>[vc_row content_placement=&#8221;middle&#8221; row_content_width=&#8221;grid&#8221; content_text_alignment=&#8221;center&#8221; css=&#8221;.vc_custom_1663928915414{background-image: url(https:\/\/www.torreabadal.com\/wp-content\/uploads\/2022\/09\/esteveniments_torre_abadal.png?id=3194) !important;}&#8221;][vc_column css=&#8221;.vc_custom_1663928979312{padding-top: 159px !important;padding-bottom: 186px !important;}&#8221; column_responsive_padding_1024=&#8221;113px 15px 133px&#8221; column_responsive_padding_680=&#8221;72px 15px 87px&#8221; column_responsive_padding_1440=&#8221;129px 15px 156px&#8221; column_responsive_padding_1280=&#8221;99px 15px 128px&#8221; column_responsive_padding_768=&#8221;114px 15px 134px&#8221; el_class=&#8221;qodef-margin-grid&#8221;]<h1 class=\"qodef-shortcode qodef-m  qodef-custom-font qodef-custom-font-8708 qodef-layout--simple\" style=\"color: #ffffff;font-size: 110px;line-height: 120px\">Exclusividad singular<\/h1>[\/vc_column][\/vc_row][vc_row row_content_width=&#8221;grid&#8221; css=&#8221;.vc_custom_1661765024661{padding-bottom: 100px !important;}&#8221;][vc_column css=&#8221;.vc_custom_1574765929923{margin-bottom: -23px !important;}&#8221;][\/vc_column][\/vc_row][vc_row content_placement=&#8221;middle&#8221; row_content_width=&#8221;grid&#8221; css=&#8221;.vc_custom_1576670942463{padding-bottom: 40px !important;}&#8221;][vc_column css=&#8221;.vc_custom_1578494993850{padding-right: 17% !important;padding-bottom: 39px !important;}&#8221; offset=&#8221;vc_col-lg-6 vc_col-md-12&#8243; column_responsive_padding_1024=&#8221;0px 15px&#8221; column_responsive_padding_1440=&#8221;0px 15px 33px 7%&#8221; column_responsive_padding_1366=&#8221;0px 18px 33px 3%&#8221; column_responsive_padding_1280=&#8221;0px 18px 33px 3%&#8221;]<div class=\"qodef-shortcode qodef-m  qodef-section-title qodef-alignment--left \">\n\t\t<p class=\"qodef-m-subtitle\" >Torre Abadal<\/p>\n\t\t<h3 class=\"qodef-m-title\" >\n\t\t\t\t\tEspacios que se adaptan\t\t\t<\/h3>\n\t\t<p class=\"qodef-m-text\" >Disponemos de m\u00faltiples espacios polivalentes adaptables para dise\u00f1ar y celebrar con \u00e9xito tu evento. Aprovecha todas las ventajas que te ofrecemos para la organizaci\u00f3n de eventos en un espacio diferente, singular y atractivo en el centro de Catalu\u00f1a.<\/p>\n<\/div>[vc_empty_space height=&#8221;4px&#8221;][vc_column_text]Contamos con un equipo de profesionales de cada especialidad: fotograf\u00eda, decoraci\u00f3n y catering; ellos se encargar\u00e1n de cuidar hasta el \u00faltimo detalle de su evento.[\/vc_column_text][\/vc_column][vc_column offset=&#8221;vc_col-lg-6 vc_col-md-12&#8243;]<div class=\"qodef-shortcode qodef-m  qodef-stacked-images qodef-layout--default qodef-stack--bottom\">\n\t<div class=\"qodef-m-images\">\n\t\t<div class=\"qodef-e-main-image-holder\">\n\t\t\t<div class=\"qodef-e-main-image-zoom-holder\">\n\t\t\t\t\t\t\t<img loading=\"lazy\" decoding=\"async\" width=\"1000\" height=\"639\" src=\"https:\/\/www.torreabadal.com\/wp-content\/uploads\/2022\/09\/espais.png\" class=\"qodef-e-main-image\" alt=\"Casa Modernista per Casaments Barcelona \u00b7 Torre Abadal\" srcset=\"https:\/\/www.torreabadal.com\/wp-content\/uploads\/2022\/09\/espais.png 1000w, https:\/\/www.torreabadal.com\/wp-content\/uploads\/2022\/09\/espais-300x192.png 300w, https:\/\/www.torreabadal.com\/wp-content\/uploads\/2022\/09\/espais-768x491.png 768w, https:\/\/www.torreabadal.com\/wp-content\/uploads\/2022\/09\/espais-600x383.png 600w\" sizes=\"(max-width: 1000px) 100vw, 1000px\" \/>\t\t\t\t\t\t<\/div>\n\t\t<\/div>\n\t\t\t\n\t<\/div>\n<\/div>[\/vc_column][\/vc_row][vc_row parallax=&#8221;content-moving&#8221; parallax_image=&#8221;3270&#8243; parallax_speed_bg=&#8221;1.2&#8243; css=&#8221;.vc_custom_1663943020583{padding-top: 221px !important;padding-bottom: 222px !important;}&#8221;][vc_column][\/vc_column][\/vc_row][vc_row content_placement=&#8221;middle&#8221; row_content_width=&#8221;grid&#8221; css=&#8221;.vc_custom_1576670978216{padding-top: 112px !important;padding-bottom: 40px !important;}&#8221;][vc_column offset=&#8221;vc_col-lg-6 vc_col-md-12&#8243; column_responsive_padding_1024=&#8221;0px 15px&#8221;]<div class=\"qodef-shortcode qodef-m  qodef-stacked-images qodef-layout--default qodef-stack--bottom\">\n\t<div class=\"qodef-m-images\">\n\t\t<div class=\"qodef-e-main-image-holder\">\n\t\t\t<div class=\"qodef-e-main-image-zoom-holder\">\n\t\t\t\t\t\t\t<img loading=\"lazy\" decoding=\"async\" width=\"1000\" height=\"639\" src=\"https:\/\/www.torreabadal.com\/wp-content\/uploads\/2022\/09\/entorn.png\" class=\"qodef-e-main-image\" alt=\"Casa Modernista per Casaments Barcelona \u00b7 Torre AbadalCasa Modernista per Casaments Barcelona \u00b7 Torre Abadal\" srcset=\"https:\/\/www.torreabadal.com\/wp-content\/uploads\/2022\/09\/entorn.png 1000w, https:\/\/www.torreabadal.com\/wp-content\/uploads\/2022\/09\/entorn-300x192.png 300w, https:\/\/www.torreabadal.com\/wp-content\/uploads\/2022\/09\/entorn-768x491.png 768w, https:\/\/www.torreabadal.com\/wp-content\/uploads\/2022\/09\/entorn-600x383.png 600w\" sizes=\"(max-width: 1000px) 100vw, 1000px\" \/>\t\t\t\t\t\t<\/div>\n\t\t<\/div>\n\t\t\t\n\t<\/div>\n<\/div>[\/vc_column][vc_column css=&#8221;.vc_custom_1578496116730{padding-bottom: 39px !important;padding-left: 17% !important;}&#8221; offset=&#8221;vc_col-lg-6 vc_col-md-12&#8243; column_responsive_padding_1024=&#8221;0px 15px&#8221; column_responsive_padding_1440=&#8221;0px 15px 33px 7%&#8221; column_responsive_padding_1366=&#8221;0px 3% 33px 18px&#8221;]<div class=\"qodef-shortcode qodef-m  qodef-section-title qodef-alignment--left \">\n\t\t<p class=\"qodef-m-subtitle\" >Torre Abadal<\/p>\n\t\t<h3 class=\"qodef-m-title\" >\n\t\t\t\t\tEntorno modernista id\u00edlico\t\t\t<\/h3>\n\t\t<p class=\"qodef-m-text\" >Tenemos la capacidad de ofrecer a la carta la versatilidad tanto de interiores como exteriores para cualquier tipo de evento. Las salas modernistas o los jardines id\u00edlicos permiten dise\u00f1ar y construir tu evento perfecto.<\/p>\n<\/div>[vc_empty_space height=&#8221;4px&#8221;][\/vc_column][\/vc_row][vc_row row_content_width=&#8221;grid&#8221; css=&#8221;.vc_custom_1574952546271{padding-bottom: 106px !important;}&#8221;][vc_column offset=&#8221;vc_col-lg-offset-1 vc_col-lg-10&#8243;]<div class=\"qodef-shortcode qodef-m  qodef-section-title qodef-alignment--center \">\n\t\t\t<h3 class=\"qodef-m-title\" >\n\t\t\t\t\tNuestros espacios\t\t\t<\/h3>\n\t<\/div>[vc_empty_space height=&#8221;50px&#8221;]<div class=\"qodef-shortcode qodef-m  qodef-team-list qodef-item-layout--info-on-hover qodef-grid qodef-layout--columns  qodef-gutter--medium qodef-col-num--3 qodef-item-layout--info-on-hover qodef--no-bottom-space qodef-pagination--off qodef-responsive--predefined\" data-options=\"{&quot;plugin&quot;:&quot;banquet_core&quot;,&quot;module&quot;:&quot;post-types\\\/team\\\/shortcodes&quot;,&quot;shortcode&quot;:&quot;team-list&quot;,&quot;post_type&quot;:&quot;team&quot;,&quot;next_page&quot;:&quot;2&quot;,&quot;max_pages_num&quot;:1,&quot;behavior&quot;:&quot;columns&quot;,&quot;images_proportion&quot;:&quot;full&quot;,&quot;columns&quot;:&quot;3&quot;,&quot;space&quot;:&quot;medium&quot;,&quot;columns_responsive&quot;:&quot;predefined&quot;,&quot;columns_1440&quot;:&quot;3&quot;,&quot;columns_1366&quot;:&quot;3&quot;,&quot;columns_1024&quot;:&quot;3&quot;,&quot;columns_768&quot;:&quot;3&quot;,&quot;columns_680&quot;:&quot;3&quot;,&quot;columns_480&quot;:&quot;3&quot;,&quot;posts_per_page&quot;:&quot;3&quot;,&quot;orderby&quot;:&quot;ID&quot;,&quot;order&quot;:&quot;DESC&quot;,&quot;additional_params&quot;:&quot;id&quot;,&quot;post_ids&quot;:&quot;3642,3644,3646&quot;,&quot;layout&quot;:&quot;info-on-hover&quot;,&quot;title_tag&quot;:&quot;h4&quot;,&quot;pagination_type&quot;:&quot;no-pagination&quot;,&quot;object_class_name&quot;:&quot;BanquetCoreTeamListShortcode&quot;,&quot;additional_query_args&quot;:{&quot;orderby&quot;:&quot;post__in&quot;,&quot;post__in&quot;:[&quot;3642&quot;,&quot;3644&quot;,&quot;3646&quot;]},&quot;item_classes&quot;:&quot;qodef-e qodef-grid-item&quot;,&quot;space_value&quot;:20}\">\n\t<div class=\"qodef-grid-inner clear\">\n\t\t<div class=\"qodef-e qodef-grid-item\">\n\t<div class=\"qodef-e-inner\">\n        <div class=\"qodef-e-image-content\">\n            <div class=\"qodef-e-image\">\n                \t<div class=\"qodef-e-media-image\">\n\t\t\t\t\t<img loading=\"lazy\" decoding=\"async\" width=\"1000\" height=\"1332\" src=\"https:\/\/www.torreabadal.com\/wp-content\/uploads\/2021\/11\/espai_llatzer2.png\" class=\"attachment-full size-full wp-post-image\" alt=\"Casa Modernista per Casaments Barcelona \u00b7 Torre Abadal\" srcset=\"https:\/\/www.torreabadal.com\/wp-content\/uploads\/2021\/11\/espai_llatzer2.png 1000w, https:\/\/www.torreabadal.com\/wp-content\/uploads\/2021\/11\/espai_llatzer2-225x300.png 225w, https:\/\/www.torreabadal.com\/wp-content\/uploads\/2021\/11\/espai_llatzer2-769x1024.png 769w, https:\/\/www.torreabadal.com\/wp-content\/uploads\/2021\/11\/espai_llatzer2-768x1023.png 768w, https:\/\/www.torreabadal.com\/wp-content\/uploads\/2021\/11\/espai_llatzer2-600x799.png 600w\" sizes=\"(max-width: 1000px) 100vw, 1000px\" \/>\t\t\t<\/div>\n            <\/div>\n            <div class=\"qodef-e-hover-content\">\n                \t<p class=\"qodef-e-brief-info\">\n\t\tLa sala de confianza de la familia. Con vigas en el techo formando una figura geom\u00e9trica espectacular, es apta para eventos privados de hasta 25 personas.\r\nPROXIMAMENTE\t<\/p>\n                            <\/div>\n        <\/div>\n        <div class=\"qodef-e-content\" >\n\t\t\t\t<p class=\"qodef-e-role\">\n\t\tSala Privada\t<\/p>\n\t\t\t<h4 itemprop=\"name\" class=\"qodef-e-title entry-title\" >\n\t\t\tSant Ll\u00e0tzer\t<\/h4>\t\t<\/div>\n\t<\/div>\n<\/div><div class=\"qodef-e qodef-grid-item\">\n\t<div class=\"qodef-e-inner\">\n        <div class=\"qodef-e-image-content\">\n            <div class=\"qodef-e-image\">\n                \t<div class=\"qodef-e-media-image\">\n\t\t\t\t\t<img loading=\"lazy\" decoding=\"async\" width=\"1000\" height=\"1332\" src=\"https:\/\/www.torreabadal.com\/wp-content\/uploads\/2021\/11\/xemeneia.png\" class=\"attachment-full size-full wp-post-image\" alt=\"Casa Modernista per Casaments Barcelona \u00b7 Torre Abadal\" srcset=\"https:\/\/www.torreabadal.com\/wp-content\/uploads\/2021\/11\/xemeneia.png 1000w, https:\/\/www.torreabadal.com\/wp-content\/uploads\/2021\/11\/xemeneia-225x300.png 225w, https:\/\/www.torreabadal.com\/wp-content\/uploads\/2021\/11\/xemeneia-769x1024.png 769w, https:\/\/www.torreabadal.com\/wp-content\/uploads\/2021\/11\/xemeneia-768x1023.png 768w, https:\/\/www.torreabadal.com\/wp-content\/uploads\/2021\/11\/xemeneia-600x799.png 600w\" sizes=\"(max-width: 1000px) 100vw, 1000px\" \/>\t\t\t<\/div>\n            <\/div>\n            <div class=\"qodef-e-hover-content\">\n                \t<p class=\"qodef-e-brief-info\">\n\t\tEl m\u00e1ximo esplendor de la familia Abadal al alcance de tu celebraci\u00f3n. Una estancia \u00fanica preparada para 120 personas.\r\nPROXIMAMENTE\t<\/p>\n                            <\/div>\n        <\/div>\n        <div class=\"qodef-e-content\" >\n\t\t\t\t<p class=\"qodef-e-role\">\n\t\tHall y Chimenea\t<\/p>\n\t\t\t<h4 itemprop=\"name\" class=\"qodef-e-title entry-title\" >\n\t\t\tComedor Formal\t<\/h4>\t\t<\/div>\n\t<\/div>\n<\/div><div class=\"qodef-e qodef-grid-item\">\n\t<div class=\"qodef-e-inner\">\n        <div class=\"qodef-e-image-content\">\n            <div class=\"qodef-e-image\">\n                \t<div class=\"qodef-e-media-image\">\n\t\t\t\t\t<img loading=\"lazy\" decoding=\"async\" width=\"1000\" height=\"1332\" src=\"https:\/\/www.torreabadal.com\/wp-content\/uploads\/2021\/11\/elstilers.png\" class=\"attachment-full size-full wp-post-image\" alt=\"Casa Modernista per Casaments Barcelona \u00b7 Torre Abadal\" srcset=\"https:\/\/www.torreabadal.com\/wp-content\/uploads\/2021\/11\/elstilers.png 1000w, https:\/\/www.torreabadal.com\/wp-content\/uploads\/2021\/11\/elstilers-225x300.png 225w, https:\/\/www.torreabadal.com\/wp-content\/uploads\/2021\/11\/elstilers-769x1024.png 769w, https:\/\/www.torreabadal.com\/wp-content\/uploads\/2021\/11\/elstilers-768x1023.png 768w, https:\/\/www.torreabadal.com\/wp-content\/uploads\/2021\/11\/elstilers-600x799.png 600w\" sizes=\"(max-width: 1000px) 100vw, 1000px\" \/>\t\t\t<\/div>\n            <\/div>\n            <div class=\"qodef-e-hover-content\">\n                \t<p class=\"qodef-e-brief-info\">\n\t\tUn espacio de ensue\u00f1o dividido entre un jard\u00edn rom\u00e1ntico de la \u00e9poca y las caballerizas de la casa. Un lugar id\u00edlico apto para hasta 200 personas.\r\nPROXIMANETE\t<\/p>\n                            <\/div>\n        <\/div>\n        <div class=\"qodef-e-content\" >\n\t\t\t\t<p class=\"qodef-e-role\">\n\t\tJard\u00edn y Caballerizas\t<\/p>\n\t\t\t<h4 itemprop=\"name\" class=\"qodef-e-title entry-title\" >\n\t\t\tJard\u00edn de los Tileros\t<\/h4>\t\t<\/div>\n\t<\/div>\n<\/div>\t<\/div>\n\t<\/div>[\/vc_column][\/vc_row][vc_row][vc_column][vc_cta h2=&#8221;Agenda Torre Modernista Abadal&#8221; txt_align=&#8221;center&#8221; add_button=&#8221;bottom&#8221; btn_title=&#8221;Comprar Entradas&#8221; btn_style=&#8221;classic&#8221; btn_shape=&#8221;square&#8221; btn_align=&#8221;center&#8221; btn_link=&#8221;url:https%3A%2F%2Fwww.torreabadal.com%2Fes%2Fagenda-torre-abadal%2F&#8221;]Eventos, visitas guiadas y actividades exclusivas. No te pierdas la oportunidad de<br \/>\nvivir una experiencia \u00fanica en un entorno espectacular. \u00a1Reserva ahora y disfruta de un d\u00eda inolvidable con nosotros![\/vc_cta][\/vc_column][\/vc_row]<\/p>\n","protected":false},"excerpt":{"rendered":"<p>[vc_row content_placement=&#8221;middle&#8221; row_content_width=&#8221;grid&#8221; content_text_alignment=&#8221;center&#8221; css=&#8221;.vc_custom_1663928915414{background-image: url(https:\/\/www.torreabadal.com\/wp-content\/uploads\/2022\/09\/esteveniments_torre_abadal.png?id=3194) !important;}&#8221;][vc_column css=&#8221;.vc_custom_1663928979312{padding-top: 159px !important;padding-bottom: 186px !important;}&#8221; column_responsive_padding_1024=&#8221;113px 15px 133px&#8221; column_responsive_padding_680=&#8221;72px 15px 87px&#8221; column_responsive_padding_1440=&#8221;129px 15px 156px&#8221; column_responsive_padding_1280=&#8221;99px 15px 128px&#8221; column_responsive_padding_768=&#8221;114px 15px 134px&#8221; el_class=&#8221;qodef-margin-grid&#8221;][\/vc_column][\/vc_row][vc_row row_content_width=&#8221;grid&#8221; css=&#8221;.vc_custom_1661765024661{padding-bottom: 100px !important;}&#8221;][vc_column css=&#8221;.vc_custom_1574765929923{margin-bottom: -23px !important;}&#8221;][\/vc_column][\/vc_row][vc_row content_placement=&#8221;middle&#8221; row_content_width=&#8221;grid&#8221; css=&#8221;.vc_custom_1576670942463{padding-bottom: 40px !important;}&#8221;][vc_column css=&#8221;.vc_custom_1578494993850{padding-right: 17% !important;padding-bottom: 39px !important;}&#8221; offset=&#8221;vc_col-lg-6 vc_col-md-12&#8243; column_responsive_padding_1024=&#8221;0px 15px&#8221; column_responsive_padding_1440=&#8221;0px 15px 33px 7%&#8221; column_responsive_padding_1366=&#8221;0px 18px [&hellip;]<\/p>\n","protected":false},"author":1,"featured_media":0,"parent":0,"menu_order":0,"comment_status":"closed","ping_status":"closed","template":"page-full-width.php","meta":{"_joinchat":[],"footnotes":""},"yoast_head":"<!-- This site is optimized with the Yoast SEO plugin v22.9 - https:\/\/yoast.com\/wordpress\/plugins\/seo\/ -->\n<title>Torre Abadal \u00b7 Casa Modernista para Eventos en Barcelona<\/title>\n<meta name=\"description\" content=\"Las salas modernistas permiten dise\u00f1ar y construir tu evento perfecto. Casa Modernista para Eventos en Barcelona.\" \/>\n<meta name=\"robots\" content=\"index, follow, max-snippet:-1, max-image-preview:large, max-video-preview:-1\" \/>\n<link rel=\"canonical\" href=\"https:\/\/www.torreabadal.com\/es\/esdeveniments\/\" \/>\n<meta property=\"og:locale\" content=\"es_ES\" \/>\n<meta property=\"og:type\" content=\"article\" \/>\n<meta property=\"og:title\" content=\"Torre Abadal \u00b7 Casa Modernista para Eventos en Barcelona\" \/>\n<meta property=\"og:description\" content=\"Las salas modernistas permiten dise\u00f1ar y construir tu evento perfecto. Casa Modernista para Eventos en Barcelona.\" \/>\n<meta property=\"og:url\" content=\"https:\/\/www.torreabadal.com\/es\/esdeveniments\/\" \/>\n<meta property=\"og:site_name\" content=\"Torre Modernista Abadal\" \/>\n<meta property=\"article:publisher\" content=\"https:\/\/www.facebook.com\/torre.abadal\/\" \/>\n<meta property=\"article:modified_time\" content=\"2024-06-26T16:07:02+00:00\" \/>\n<meta name=\"twitter:card\" content=\"summary_large_image\" \/>\n<meta name=\"twitter:label1\" content=\"Tiempo de lectura\" \/>\n\t<meta name=\"twitter:data1\" content=\"2 minutos\" \/>\n<script type=\"application\/ld+json\" class=\"yoast-schema-graph\">{\"@context\":\"https:\/\/schema.org\",\"@graph\":[{\"@type\":\"WebPage\",\"@id\":\"https:\/\/www.torreabadal.com\/es\/esdeveniments\/\",\"url\":\"https:\/\/www.torreabadal.com\/es\/esdeveniments\/\",\"name\":\"Torre Abadal \u00b7 Casa Modernista para Eventos en Barcelona\",\"isPartOf\":{\"@id\":\"https:\/\/www.torreabadal.com\/#website\"},\"datePublished\":\"2019-11-07T11:25:21+00:00\",\"dateModified\":\"2024-06-26T16:07:02+00:00\",\"description\":\"Las salas modernistas permiten dise\u00f1ar y construir tu evento perfecto. Casa Modernista para Eventos en Barcelona.\",\"breadcrumb\":{\"@id\":\"https:\/\/www.torreabadal.com\/es\/esdeveniments\/#breadcrumb\"},\"inLanguage\":\"es\",\"potentialAction\":[{\"@type\":\"ReadAction\",\"target\":[\"https:\/\/www.torreabadal.com\/es\/esdeveniments\/\"]}]},{\"@type\":\"BreadcrumbList\",\"@id\":\"https:\/\/www.torreabadal.com\/es\/esdeveniments\/#breadcrumb\",\"itemListElement\":[{\"@type\":\"ListItem\",\"position\":1,\"name\":\"Inici\",\"item\":\"https:\/\/www.torreabadal.com\/es\/\"},{\"@type\":\"ListItem\",\"position\":2,\"name\":\"Eventos\"}]},{\"@type\":\"WebSite\",\"@id\":\"https:\/\/www.torreabadal.com\/#website\",\"url\":\"https:\/\/www.torreabadal.com\/\",\"name\":\"Torre Modernista Abadal\",\"description\":\"Una aut\u00e8ntica casa modernista del segle XX. Hist\u00f2ria, disseny i privacitat.\",\"publisher\":{\"@id\":\"https:\/\/www.torreabadal.com\/#organization\"},\"potentialAction\":[{\"@type\":\"SearchAction\",\"target\":{\"@type\":\"EntryPoint\",\"urlTemplate\":\"https:\/\/www.torreabadal.com\/?s={search_term_string}\"},\"query-input\":\"required name=search_term_string\"}],\"inLanguage\":\"es\"},{\"@type\":\"Organization\",\"@id\":\"https:\/\/www.torreabadal.com\/#organization\",\"name\":\"Torre Modernista Abadal\",\"url\":\"https:\/\/www.torreabadal.com\/\",\"logo\":{\"@type\":\"ImageObject\",\"inLanguage\":\"es\",\"@id\":\"https:\/\/www.torreabadal.com\/#\/schema\/logo\/image\/\",\"url\":\"https:\/\/www.torreabadal.com\/wp-content\/uploads\/2022\/09\/cropped-abadal-01-1.png\",\"contentUrl\":\"https:\/\/www.torreabadal.com\/wp-content\/uploads\/2022\/09\/cropped-abadal-01-1.png\",\"width\":1995,\"height\":1628,\"caption\":\"Torre Modernista Abadal\"},\"image\":{\"@id\":\"https:\/\/www.torreabadal.com\/#\/schema\/logo\/image\/\"},\"sameAs\":[\"https:\/\/www.facebook.com\/torre.abadal\/\",\"https:\/\/www.instagram.com\/torre.abadal\/\"]}]}<\/script>\n<!-- \/ Yoast SEO plugin. -->","yoast_head_json":{"title":"Torre Abadal \u00b7 Casa Modernista para Eventos en Barcelona","description":"Las salas modernistas permiten dise\u00f1ar y construir tu evento perfecto. Casa Modernista para Eventos en Barcelona.","robots":{"index":"index","follow":"follow","max-snippet":"max-snippet:-1","max-image-preview":"max-image-preview:large","max-video-preview":"max-video-preview:-1"},"canonical":"https:\/\/www.torreabadal.com\/es\/esdeveniments\/","og_locale":"es_ES","og_type":"article","og_title":"Torre Abadal \u00b7 Casa Modernista para Eventos en Barcelona","og_description":"Las salas modernistas permiten dise\u00f1ar y construir tu evento perfecto. Casa Modernista para Eventos en Barcelona.","og_url":"https:\/\/www.torreabadal.com\/es\/esdeveniments\/","og_site_name":"Torre Modernista Abadal","article_publisher":"https:\/\/www.facebook.com\/torre.abadal\/","article_modified_time":"2024-06-26T16:07:02+00:00","twitter_card":"summary_large_image","twitter_misc":{"Tiempo de lectura":"2 minutos"},"schema":{"@context":"https:\/\/schema.org","@graph":[{"@type":"WebPage","@id":"https:\/\/www.torreabadal.com\/es\/esdeveniments\/","url":"https:\/\/www.torreabadal.com\/es\/esdeveniments\/","name":"Torre Abadal \u00b7 Casa Modernista para Eventos en Barcelona","isPartOf":{"@id":"https:\/\/www.torreabadal.com\/#website"},"datePublished":"2019-11-07T11:25:21+00:00","dateModified":"2024-06-26T16:07:02+00:00","description":"Las salas modernistas permiten dise\u00f1ar y construir tu evento perfecto. Casa Modernista para Eventos en Barcelona.","breadcrumb":{"@id":"https:\/\/www.torreabadal.com\/es\/esdeveniments\/#breadcrumb"},"inLanguage":"es","potentialAction":[{"@type":"ReadAction","target":["https:\/\/www.torreabadal.com\/es\/esdeveniments\/"]}]},{"@type":"BreadcrumbList","@id":"https:\/\/www.torreabadal.com\/es\/esdeveniments\/#breadcrumb","itemListElement":[{"@type":"ListItem","position":1,"name":"Inici","item":"https:\/\/www.torreabadal.com\/es\/"},{"@type":"ListItem","position":2,"name":"Eventos"}]},{"@type":"WebSite","@id":"https:\/\/www.torreabadal.com\/#website","url":"https:\/\/www.torreabadal.com\/","name":"Torre Modernista Abadal","description":"Una aut\u00e8ntica casa modernista del segle XX. Hist\u00f2ria, disseny i privacitat.","publisher":{"@id":"https:\/\/www.torreabadal.com\/#organization"},"potentialAction":[{"@type":"SearchAction","target":{"@type":"EntryPoint","urlTemplate":"https:\/\/www.torreabadal.com\/?s={search_term_string}"},"query-input":"required name=search_term_string"}],"inLanguage":"es"},{"@type":"Organization","@id":"https:\/\/www.torreabadal.com\/#organization","name":"Torre Modernista Abadal","url":"https:\/\/www.torreabadal.com\/","logo":{"@type":"ImageObject","inLanguage":"es","@id":"https:\/\/www.torreabadal.com\/#\/schema\/logo\/image\/","url":"https:\/\/www.torreabadal.com\/wp-content\/uploads\/2022\/09\/cropped-abadal-01-1.png","contentUrl":"https:\/\/www.torreabadal.com\/wp-content\/uploads\/2022\/09\/cropped-abadal-01-1.png","width":1995,"height":1628,"caption":"Torre Modernista Abadal"},"image":{"@id":"https:\/\/www.torreabadal.com\/#\/schema\/logo\/image\/"},"sameAs":["https:\/\/www.facebook.com\/torre.abadal\/","https:\/\/www.instagram.com\/torre.abadal\/"]}]}},"_links":{"self":[{"href":"https:\/\/www.torreabadal.com\/es\/wp-json\/wp\/v2\/pages\/4616"}],"collection":[{"href":"https:\/\/www.torreabadal.com\/es\/wp-json\/wp\/v2\/pages"}],"about":[{"href":"https:\/\/www.torreabadal.com\/es\/wp-json\/wp\/v2\/types\/page"}],"author":[{"embeddable":true,"href":"https:\/\/www.torreabadal.com\/es\/wp-json\/wp\/v2\/users\/1"}],"replies":[{"embeddable":true,"href":"https:\/\/www.torreabadal.com\/es\/wp-json\/wp\/v2\/comments?post=4616"}],"version-history":[{"count":5,"href":"https:\/\/www.torreabadal.com\/es\/wp-json\/wp\/v2\/pages\/4616\/revisions"}],"predecessor-version":[{"id":4628,"href":"https:\/\/www.torreabadal.com\/es\/wp-json\/wp\/v2\/pages\/4616\/revisions\/4628"}],"wp:attachment":[{"href":"https:\/\/www.torreabadal.com\/es\/wp-json\/wp\/v2\/media?parent=4616"}],"curies":[{"name":"wp","href":"https:\/\/api.w.org\/{rel}","templated":true}]}}