{"id":4622,"date":"2019-11-06T13:21:32","date_gmt":"2019-11-06T13:21:32","guid":{"rendered":"https:\/\/www.torreabadal.com\/film-locations\/"},"modified":"2024-06-26T16:06:27","modified_gmt":"2024-06-26T16:06:27","slug":"film-locations","status":"publish","type":"page","link":"https:\/\/www.torreabadal.com\/es\/film-locations\/","title":{"rendered":"Film Locations"},"content":{"rendered":"<p>[vc_row content_placement=&#8221;middle&#8221; row_content_width=&#8221;grid&#8221; content_text_alignment=&#8221;center&#8221; el_class=&#8221;qodef-margin-grid&#8221; css=&#8221;.vc_custom_1663945127242{background-image: url(https:\/\/www.torreabadal.com\/wp-content\/uploads\/2022\/09\/film_location.png?id=3284) !important;}&#8221;][vc_column css=&#8221;.vc_custom_1575457989649{padding-top: 159px !important;padding-bottom: 186px !important;}&#8221; column_responsive_padding_1024=&#8221;113px 15px 133px&#8221; column_responsive_padding_768=&#8221;114px 15px 134px&#8221; column_responsive_padding_680=&#8221;72px 15px 87px&#8221; column_responsive_padding_1440=&#8221;129px 15px 156px&#8221; column_responsive_padding_1280=&#8221;99px 15px 128px&#8221;]<h1 class=\"qodef-shortcode qodef-m  qodef-custom-font qodef-custom-font-2603 qodef-layout--simple\" style=\"color: #ffffff;font-size: 110px;line-height: 120px\">Espacios singulares<\/h1>[\/vc_column][\/vc_row][vc_row][vc_column][vc_empty_space height=&#8221;50px&#8221;][\/vc_column][\/vc_row][vc_row content_placement=&#8221;middle&#8221; row_content_width=&#8221;grid&#8221; content_text_alignment=&#8221;left&#8221;][vc_column offset=&#8221;vc_col-lg-7 vc_col-md-12&#8243; column_responsive_padding_768=&#8221;0px 15px&#8221; column_responsive_padding_680=&#8221;0px 15px&#8221; css=&#8221;.vc_custom_1577099726061{padding-bottom: 27px !important;}&#8221; column_responsive_padding_1024=&#8221;0px 15px&#8221;]<div class=\"qodef-shortcode qodef-m  qodef-stacked-images qodef-layout--default qodef-stack--bottom\">\n\t<div class=\"qodef-m-images\">\n\t\t<div class=\"qodef-e-main-image-holder\">\n\t\t\t<div class=\"qodef-e-main-image-zoom-holder\">\n\t\t\t\t\t\t\t<img loading=\"lazy\" decoding=\"async\" width=\"1000\" height=\"705\" src=\"https:\/\/www.torreabadal.com\/wp-content\/uploads\/2022\/09\/filmlocation.png\" class=\"qodef-e-main-image\" alt=\"Casa Modernista per Casaments Barcelona \u00b7 Torre Abadal\" srcset=\"https:\/\/www.torreabadal.com\/wp-content\/uploads\/2022\/09\/filmlocation.png 1000w, https:\/\/www.torreabadal.com\/wp-content\/uploads\/2022\/09\/filmlocation-300x212.png 300w, https:\/\/www.torreabadal.com\/wp-content\/uploads\/2022\/09\/filmlocation-768x541.png 768w, https:\/\/www.torreabadal.com\/wp-content\/uploads\/2022\/09\/filmlocation-600x423.png 600w\" sizes=\"(max-width: 1000px) 100vw, 1000px\" \/>\t\t\t\t\t\t<\/div>\n\t\t<\/div>\n\t\t\t\t\t<img loading=\"lazy\" decoding=\"async\" width=\"234\" height=\"306\" src=\"https:\/\/www.torreabadal.com\/wp-content\/uploads\/2022\/09\/g-2.png\" class=\"qodef-e-stack-image\" alt=\"Casa Modernista per Casaments Barcelona \u00b7 Torre Abadal\" srcset=\"https:\/\/www.torreabadal.com\/wp-content\/uploads\/2022\/09\/g-2.png 234w, https:\/\/www.torreabadal.com\/wp-content\/uploads\/2022\/09\/g-2-229x300.png 229w\" sizes=\"(max-width: 234px) 100vw, 234px\" \/>\t\t\t\n\t<\/div>\n<\/div>[\/vc_column][vc_column css=&#8221;.vc_custom_1577099581866{padding-top: 0px !important;padding-right: 5% !important;padding-bottom: 88px !important;padding-left: 17.2% !important;}&#8221; column_responsive_padding_1366=&#8221;0% 0% 17% 8%&#8221; column_responsive_padding_1440=&#8221;0% 0% 14.5% 9.9%&#8221; column_responsive_padding_1280=&#8221;0% 0% 68px 5%&#8221; offset=&#8221;vc_col-lg-5 vc_col-md-12&#8243; column_responsive_padding_1024=&#8221;5px 15px 15px&#8221; column_responsive_padding_768=&#8221;5px 15px 15px&#8221; column_responsive_padding_680=&#8221;5px 15px 15px&#8221;]<div class=\"qodef-shortcode qodef-m  qodef-section-title qodef-alignment--left \">\n\t\t<p class=\"qodef-m-subtitle\" >Torre Abadal<\/p>\n\t\t<h3 class=\"qodef-m-title\" >\n\t\t\t\t\tFilm Locations\t\t\t<\/h3>\n\t\t<p class=\"qodef-m-text\" >Si est\u00e1s buscando una casa se\u00f1orial, con car\u00e1cter, historia y mucho encanto, somos lo que necesitas. El espacio ideal para tu producci\u00f3n audiovisual, con espacios y rincones \u00fanicos que desde un inicio, har\u00e1n vivir al espectador\/a lo que desees. Localizaciones exteriores e interiores, en las que parece no haber pasado el tiempo.<\/p>\n<\/div>[vc_empty_space height=&#8221;24px&#8221;][\/vc_column][\/vc_row][vc_row content_placement=&#8221;middle&#8221; row_content_width=&#8221;grid&#8221; content_text_alignment=&#8221;left&#8221; css=&#8221;.vc_custom_1574153257030{padding-top: 50px !important;}&#8221;][vc_column offset=&#8221;vc_col-lg-5 vc_col-md-12&#8243; css=&#8221;.vc_custom_1577100346508{padding-right: 17.2% !important;padding-bottom: 135px !important;}&#8221; column_responsive_padding_1440=&#8221;0% 9.9% 30.5% 15px&#8221; column_responsive_padding_1366=&#8221;0% 0% 33% 15px&#8221; column_responsive_padding_1280=&#8221;0% 0% 36% 15px&#8221; column_responsive_padding_1024=&#8221;0% 15px 9%&#8221; column_responsive_padding_768=&#8221;0% 15px 12%&#8221; column_responsive_padding_680=&#8221;0% 15px 22%&#8221;]<div class=\"qodef-shortcode qodef-m  qodef-section-title qodef-alignment--left \">\n\t\t<p class=\"qodef-m-subtitle\" >Torre Abadal<\/p>\n\t\t<h3 class=\"qodef-m-title\" >\n\t\t\t\t\tAdvertising\t\t\t<\/h3>\n\t\t<p class=\"qodef-m-text\" >El rodaje de un anuncio, requiere una localizaci\u00f3n que vaya en sinton\u00eda con lo que se quiere transmitir de una marca al futuro consumidor\/a. Los espacios interiores y exteriores de Torre Abadal le aportar\u00e1n un valor a\u00f1adido y \u00fanico a su rodaje publicitario.<\/p>\n<\/div>[vc_empty_space height=&#8221;24px&#8221;][\/vc_column][vc_column css=&#8221;.vc_custom_1577100065963{padding-top: 0px !important;padding-bottom: 56px !important;}&#8221; offset=&#8221;vc_col-lg-7 vc_col-md-12&#8243; column_responsive_padding_1024=&#8221;0px 15px 68px&#8221;]<div class=\"qodef-shortcode qodef-m  qodef-stacked-images qodef-layout--default qodef-stack--bottom\">\n\t<div class=\"qodef-m-images\">\n\t\t<div class=\"qodef-e-main-image-holder\">\n\t\t\t<div class=\"qodef-e-main-image-zoom-holder\">\n\t\t\t\t\t\t\t<img loading=\"lazy\" decoding=\"async\" width=\"1000\" height=\"705\" src=\"https:\/\/www.torreabadal.com\/wp-content\/uploads\/2022\/09\/films.png\" class=\"qodef-e-main-image\" alt=\"Casa Modernista per Casaments Barcelona \u00b7 Torre Abadal\" srcset=\"https:\/\/www.torreabadal.com\/wp-content\/uploads\/2022\/09\/films.png 1000w, https:\/\/www.torreabadal.com\/wp-content\/uploads\/2022\/09\/films-300x212.png 300w, https:\/\/www.torreabadal.com\/wp-content\/uploads\/2022\/09\/films-768x541.png 768w, https:\/\/www.torreabadal.com\/wp-content\/uploads\/2022\/09\/films-600x423.png 600w\" sizes=\"(max-width: 1000px) 100vw, 1000px\" \/>\t\t\t\t\t\t<\/div>\n\t\t<\/div>\n\t\t\t\t\t<img loading=\"lazy\" decoding=\"async\" width=\"234\" height=\"306\" src=\"https:\/\/www.torreabadal.com\/wp-content\/uploads\/2022\/09\/h3-img-2.png\" class=\"qodef-e-stack-image\" alt=\"Casa Modernista per Casaments Barcelona \u00b7 Torre Abadal\" srcset=\"https:\/\/www.torreabadal.com\/wp-content\/uploads\/2022\/09\/h3-img-2.png 234w, https:\/\/www.torreabadal.com\/wp-content\/uploads\/2022\/09\/h3-img-2-229x300.png 229w\" sizes=\"(max-width: 234px) 100vw, 234px\" \/>\t\t\t\n\t<\/div>\n<\/div>[\/vc_column][\/vc_row][vc_row content_placement=&#8221;middle&#8221; row_content_width=&#8221;grid&#8221; content_text_alignment=&#8221;left&#8221; css=&#8221;.vc_custom_1574153350193{padding-top: 21px !important;}&#8221;][vc_column offset=&#8221;vc_col-lg-7 vc_col-md-12&#8243; column_responsive_padding_768=&#8221;0px 15px&#8221; column_responsive_padding_680=&#8221;0px 15px&#8221; column_responsive_padding_1024=&#8221;0px 15px&#8221;]<div class=\"qodef-shortcode qodef-m  qodef-stacked-images qodef-layout--default qodef-stack--bottom\">\n\t<div class=\"qodef-m-images\">\n\t\t<div class=\"qodef-e-main-image-holder\">\n\t\t\t<div class=\"qodef-e-main-image-zoom-holder\">\n\t\t\t\t\t\t\t<img loading=\"lazy\" decoding=\"async\" width=\"1000\" height=\"705\" src=\"https:\/\/www.torreabadal.com\/wp-content\/uploads\/2022\/09\/film_location1.png\" class=\"qodef-e-main-image\" alt=\"Casa Modernista per Casaments Barcelona \u00b7 Torre Abadal\" srcset=\"https:\/\/www.torreabadal.com\/wp-content\/uploads\/2022\/09\/film_location1.png 1000w, https:\/\/www.torreabadal.com\/wp-content\/uploads\/2022\/09\/film_location1-300x212.png 300w, https:\/\/www.torreabadal.com\/wp-content\/uploads\/2022\/09\/film_location1-768x541.png 768w, https:\/\/www.torreabadal.com\/wp-content\/uploads\/2022\/09\/film_location1-600x423.png 600w\" sizes=\"(max-width: 1000px) 100vw, 1000px\" \/>\t\t\t\t\t\t<\/div>\n\t\t<\/div>\n\t\t\t\t\t<img loading=\"lazy\" decoding=\"async\" width=\"234\" height=\"306\" src=\"https:\/\/www.torreabadal.com\/wp-content\/uploads\/2022\/09\/mg-2.png\" class=\"qodef-e-stack-image\" alt=\"Casa Modernista per Casaments Barcelona \u00b7 Torre Abadal\" srcset=\"https:\/\/www.torreabadal.com\/wp-content\/uploads\/2022\/09\/mg-2.png 234w, https:\/\/www.torreabadal.com\/wp-content\/uploads\/2022\/09\/mg-2-229x300.png 229w\" sizes=\"(max-width: 234px) 100vw, 234px\" \/>\t\t\t\n\t<\/div>\n<\/div>[\/vc_column][vc_column css=&#8221;.vc_custom_1577098289938{padding-top: 0px !important;padding-right: 5% !important;padding-bottom: 65px !important;padding-left: 17.2% !important;}&#8221; column_responsive_padding_1366=&#8221;0% 0% 14% 8%&#8221; column_responsive_padding_1440=&#8221;0% 0% 14.5% 9.9%&#8221; column_responsive_padding_1280=&#8221;0% 0% 68px 5%&#8221; offset=&#8221;vc_col-lg-5 vc_col-md-12&#8243; column_responsive_padding_1024=&#8221;5px 0% 35px 15px&#8221;]<div class=\"qodef-shortcode qodef-m  qodef-section-title qodef-alignment--left \">\n\t\t<p class=\"qodef-m-subtitle\" >Torre Abadal<\/p>\n\t\t<h3 class=\"qodef-m-title\" >\n\t\t\t\t\tProfessional Shootings\t\t\t<\/h3>\n\t\t<p class=\"qodef-m-text\" >\u00bfQuieres disponer en exclusiva de toda una casa se\u00f1orial del siglo XX? En Torre Abadal es posible realizar tu sesi\u00f3n fotogr\u00e1fica en un espacio m\u00e1gico. Ya sea para sesiones de modelado, fotograf\u00eda de producto, retratos, books\u2026 Consulta nuestras tarifas y las posibilidades que te ofrecemos.<\/p>\n<\/div>[vc_empty_space height=&#8221;24px&#8221;][\/vc_column][\/vc_row][vc_row row_content_width=&#8221;grid&#8221; css=&#8221;.vc_custom_1574759459925{padding-top: 140px !important;padding-bottom: 149px !important;}&#8221;][vc_column][vc_cta h2=&#8221;Agenda Torre Modernista Abadal&#8221; txt_align=&#8221;center&#8221; add_button=&#8221;bottom&#8221; btn_title=&#8221;Comprar Entradas&#8221; btn_style=&#8221;classic&#8221; btn_shape=&#8221;square&#8221; btn_align=&#8221;center&#8221; btn_link=&#8221;url:https%3A%2F%2Fwww.torreabadal.com%2Fes%2Fagenda-torre-abadal%2F&#8221;]Eventos, visitas guiadas y actividades exclusivas. No te pierdas la oportunidad de<br \/>\nvivir una experiencia \u00fanica en un entorno espectacular. \u00a1Reserva ahora y disfruta de un d\u00eda inolvidable con nosotros![\/vc_cta][\/vc_column][\/vc_row]<\/p>\n","protected":false},"excerpt":{"rendered":"<p>[vc_row content_placement=&#8221;middle&#8221; row_content_width=&#8221;grid&#8221; content_text_alignment=&#8221;center&#8221; el_class=&#8221;qodef-margin-grid&#8221; css=&#8221;.vc_custom_1663945127242{background-image: url(https:\/\/www.torreabadal.com\/wp-content\/uploads\/2022\/09\/film_location.png?id=3284) !important;}&#8221;][vc_column css=&#8221;.vc_custom_1575457989649{padding-top: 159px !important;padding-bottom: 186px !important;}&#8221; column_responsive_padding_1024=&#8221;113px 15px 133px&#8221; column_responsive_padding_768=&#8221;114px 15px 134px&#8221; column_responsive_padding_680=&#8221;72px 15px 87px&#8221; column_responsive_padding_1440=&#8221;129px 15px 156px&#8221; column_responsive_padding_1280=&#8221;99px 15px 128px&#8221;][\/vc_column][\/vc_row][vc_row][vc_column][vc_empty_space height=&#8221;50px&#8221;][\/vc_column][\/vc_row][vc_row content_placement=&#8221;middle&#8221; row_content_width=&#8221;grid&#8221; content_text_alignment=&#8221;left&#8221;][vc_column offset=&#8221;vc_col-lg-7 vc_col-md-12&#8243; column_responsive_padding_768=&#8221;0px 15px&#8221; column_responsive_padding_680=&#8221;0px 15px&#8221; css=&#8221;.vc_custom_1577099726061{padding-bottom: 27px !important;}&#8221; column_responsive_padding_1024=&#8221;0px 15px&#8221;][\/vc_column][vc_column css=&#8221;.vc_custom_1577099581866{padding-top: 0px !important;padding-right: 5% !important;padding-bottom: 88px !important;padding-left: 17.2% !important;}&#8221; column_responsive_padding_1366=&#8221;0% 0% 17% [&hellip;]<\/p>\n","protected":false},"author":1,"featured_media":0,"parent":0,"menu_order":0,"comment_status":"closed","ping_status":"closed","template":"page-full-width.php","meta":{"_joinchat":[],"footnotes":""},"yoast_head":"<!-- This site is optimized with the Yoast SEO plugin v22.9 - https:\/\/yoast.com\/wordpress\/plugins\/seo\/ -->\n<title>Torre Abadal \u00b7 Casa Modernista para producciones audiovisuales<\/title>\n<meta name=\"description\" content=\"El espacio ideal para producci\u00f3n audiovisual, con espacios y rincones \u00fanicos. Torre Abadal \u00b7 Casa Modernista para producciones audiovisuales.\" \/>\n<meta name=\"robots\" content=\"index, follow, max-snippet:-1, max-image-preview:large, max-video-preview:-1\" \/>\n<link rel=\"canonical\" href=\"https:\/\/www.torreabadal.com\/es\/film-locations\/\" \/>\n<meta property=\"og:locale\" content=\"es_ES\" \/>\n<meta property=\"og:type\" content=\"article\" \/>\n<meta property=\"og:title\" content=\"Torre Abadal \u00b7 Casa Modernista para producciones audiovisuales\" \/>\n<meta property=\"og:description\" content=\"El espacio ideal para producci\u00f3n audiovisual, con espacios y rincones \u00fanicos. Torre Abadal \u00b7 Casa Modernista para producciones audiovisuales.\" \/>\n<meta property=\"og:url\" content=\"https:\/\/www.torreabadal.com\/es\/film-locations\/\" \/>\n<meta property=\"og:site_name\" content=\"Torre Modernista Abadal\" \/>\n<meta property=\"article:publisher\" content=\"https:\/\/www.facebook.com\/torre.abadal\/\" \/>\n<meta property=\"article:modified_time\" content=\"2024-06-26T16:06:27+00:00\" \/>\n<meta name=\"twitter:card\" content=\"summary_large_image\" \/>\n<meta name=\"twitter:label1\" content=\"Tiempo de lectura\" \/>\n\t<meta name=\"twitter:data1\" content=\"3 minutos\" \/>\n<script type=\"application\/ld+json\" class=\"yoast-schema-graph\">{\"@context\":\"https:\/\/schema.org\",\"@graph\":[{\"@type\":\"WebPage\",\"@id\":\"https:\/\/www.torreabadal.com\/es\/film-locations\/\",\"url\":\"https:\/\/www.torreabadal.com\/es\/film-locations\/\",\"name\":\"Torre Abadal \u00b7 Casa Modernista para producciones audiovisuales\",\"isPartOf\":{\"@id\":\"https:\/\/www.torreabadal.com\/#website\"},\"datePublished\":\"2019-11-06T13:21:32+00:00\",\"dateModified\":\"2024-06-26T16:06:27+00:00\",\"description\":\"El espacio ideal para producci\u00f3n audiovisual, con espacios y rincones \u00fanicos. Torre Abadal \u00b7 Casa Modernista para producciones audiovisuales.\",\"breadcrumb\":{\"@id\":\"https:\/\/www.torreabadal.com\/es\/film-locations\/#breadcrumb\"},\"inLanguage\":\"es\",\"potentialAction\":[{\"@type\":\"ReadAction\",\"target\":[\"https:\/\/www.torreabadal.com\/es\/film-locations\/\"]}]},{\"@type\":\"BreadcrumbList\",\"@id\":\"https:\/\/www.torreabadal.com\/es\/film-locations\/#breadcrumb\",\"itemListElement\":[{\"@type\":\"ListItem\",\"position\":1,\"name\":\"Inici\",\"item\":\"https:\/\/www.torreabadal.com\/es\/\"},{\"@type\":\"ListItem\",\"position\":2,\"name\":\"Film Locations\"}]},{\"@type\":\"WebSite\",\"@id\":\"https:\/\/www.torreabadal.com\/#website\",\"url\":\"https:\/\/www.torreabadal.com\/\",\"name\":\"Torre Modernista Abadal\",\"description\":\"Una aut\u00e8ntica casa modernista del segle XX. Hist\u00f2ria, disseny i privacitat.\",\"publisher\":{\"@id\":\"https:\/\/www.torreabadal.com\/#organization\"},\"potentialAction\":[{\"@type\":\"SearchAction\",\"target\":{\"@type\":\"EntryPoint\",\"urlTemplate\":\"https:\/\/www.torreabadal.com\/?s={search_term_string}\"},\"query-input\":\"required name=search_term_string\"}],\"inLanguage\":\"es\"},{\"@type\":\"Organization\",\"@id\":\"https:\/\/www.torreabadal.com\/#organization\",\"name\":\"Torre Modernista Abadal\",\"url\":\"https:\/\/www.torreabadal.com\/\",\"logo\":{\"@type\":\"ImageObject\",\"inLanguage\":\"es\",\"@id\":\"https:\/\/www.torreabadal.com\/#\/schema\/logo\/image\/\",\"url\":\"https:\/\/www.torreabadal.com\/wp-content\/uploads\/2022\/09\/cropped-abadal-01-1.png\",\"contentUrl\":\"https:\/\/www.torreabadal.com\/wp-content\/uploads\/2022\/09\/cropped-abadal-01-1.png\",\"width\":1995,\"height\":1628,\"caption\":\"Torre Modernista Abadal\"},\"image\":{\"@id\":\"https:\/\/www.torreabadal.com\/#\/schema\/logo\/image\/\"},\"sameAs\":[\"https:\/\/www.facebook.com\/torre.abadal\/\",\"https:\/\/www.instagram.com\/torre.abadal\/\"]}]}<\/script>\n<!-- \/ Yoast SEO plugin. -->","yoast_head_json":{"title":"Torre Abadal \u00b7 Casa Modernista para producciones audiovisuales","description":"El espacio ideal para producci\u00f3n audiovisual, con espacios y rincones \u00fanicos. Torre Abadal \u00b7 Casa Modernista para producciones audiovisuales.","robots":{"index":"index","follow":"follow","max-snippet":"max-snippet:-1","max-image-preview":"max-image-preview:large","max-video-preview":"max-video-preview:-1"},"canonical":"https:\/\/www.torreabadal.com\/es\/film-locations\/","og_locale":"es_ES","og_type":"article","og_title":"Torre Abadal \u00b7 Casa Modernista para producciones audiovisuales","og_description":"El espacio ideal para producci\u00f3n audiovisual, con espacios y rincones \u00fanicos. Torre Abadal \u00b7 Casa Modernista para producciones audiovisuales.","og_url":"https:\/\/www.torreabadal.com\/es\/film-locations\/","og_site_name":"Torre Modernista Abadal","article_publisher":"https:\/\/www.facebook.com\/torre.abadal\/","article_modified_time":"2024-06-26T16:06:27+00:00","twitter_card":"summary_large_image","twitter_misc":{"Tiempo de lectura":"3 minutos"},"schema":{"@context":"https:\/\/schema.org","@graph":[{"@type":"WebPage","@id":"https:\/\/www.torreabadal.com\/es\/film-locations\/","url":"https:\/\/www.torreabadal.com\/es\/film-locations\/","name":"Torre Abadal \u00b7 Casa Modernista para producciones audiovisuales","isPartOf":{"@id":"https:\/\/www.torreabadal.com\/#website"},"datePublished":"2019-11-06T13:21:32+00:00","dateModified":"2024-06-26T16:06:27+00:00","description":"El espacio ideal para producci\u00f3n audiovisual, con espacios y rincones \u00fanicos. Torre Abadal \u00b7 Casa Modernista para producciones audiovisuales.","breadcrumb":{"@id":"https:\/\/www.torreabadal.com\/es\/film-locations\/#breadcrumb"},"inLanguage":"es","potentialAction":[{"@type":"ReadAction","target":["https:\/\/www.torreabadal.com\/es\/film-locations\/"]}]},{"@type":"BreadcrumbList","@id":"https:\/\/www.torreabadal.com\/es\/film-locations\/#breadcrumb","itemListElement":[{"@type":"ListItem","position":1,"name":"Inici","item":"https:\/\/www.torreabadal.com\/es\/"},{"@type":"ListItem","position":2,"name":"Film Locations"}]},{"@type":"WebSite","@id":"https:\/\/www.torreabadal.com\/#website","url":"https:\/\/www.torreabadal.com\/","name":"Torre Modernista Abadal","description":"Una aut\u00e8ntica casa modernista del segle XX. Hist\u00f2ria, disseny i privacitat.","publisher":{"@id":"https:\/\/www.torreabadal.com\/#organization"},"potentialAction":[{"@type":"SearchAction","target":{"@type":"EntryPoint","urlTemplate":"https:\/\/www.torreabadal.com\/?s={search_term_string}"},"query-input":"required name=search_term_string"}],"inLanguage":"es"},{"@type":"Organization","@id":"https:\/\/www.torreabadal.com\/#organization","name":"Torre Modernista Abadal","url":"https:\/\/www.torreabadal.com\/","logo":{"@type":"ImageObject","inLanguage":"es","@id":"https:\/\/www.torreabadal.com\/#\/schema\/logo\/image\/","url":"https:\/\/www.torreabadal.com\/wp-content\/uploads\/2022\/09\/cropped-abadal-01-1.png","contentUrl":"https:\/\/www.torreabadal.com\/wp-content\/uploads\/2022\/09\/cropped-abadal-01-1.png","width":1995,"height":1628,"caption":"Torre Modernista Abadal"},"image":{"@id":"https:\/\/www.torreabadal.com\/#\/schema\/logo\/image\/"},"sameAs":["https:\/\/www.facebook.com\/torre.abadal\/","https:\/\/www.instagram.com\/torre.abadal\/"]}]}},"_links":{"self":[{"href":"https:\/\/www.torreabadal.com\/es\/wp-json\/wp\/v2\/pages\/4622"}],"collection":[{"href":"https:\/\/www.torreabadal.com\/es\/wp-json\/wp\/v2\/pages"}],"about":[{"href":"https:\/\/www.torreabadal.com\/es\/wp-json\/wp\/v2\/types\/page"}],"author":[{"embeddable":true,"href":"https:\/\/www.torreabadal.com\/es\/wp-json\/wp\/v2\/users\/1"}],"replies":[{"embeddable":true,"href":"https:\/\/www.torreabadal.com\/es\/wp-json\/wp\/v2\/comments?post=4622"}],"version-history":[{"count":4,"href":"https:\/\/www.torreabadal.com\/es\/wp-json\/wp\/v2\/pages\/4622\/revisions"}],"predecessor-version":[{"id":4627,"href":"https:\/\/www.torreabadal.com\/es\/wp-json\/wp\/v2\/pages\/4622\/revisions\/4627"}],"wp:attachment":[{"href":"https:\/\/www.torreabadal.com\/es\/wp-json\/wp\/v2\/media?parent=4622"}],"curies":[{"name":"wp","href":"https:\/\/api.w.org\/{rel}","templated":true}]}}