{"id":4644,"date":"2024-06-19T14:58:51","date_gmt":"2024-06-19T14:58:51","guid":{"rendered":"https:\/\/www.torreabadal.com\/on-som\/"},"modified":"2024-07-02T08:16:56","modified_gmt":"2024-07-02T08:16:56","slug":"on-som","status":"publish","type":"page","link":"https:\/\/www.torreabadal.com\/es\/on-som\/","title":{"rendered":"D\u00f3nde estamos"},"content":{"rendered":"<p>[vc_row content_placement=&#8221;middle&#8221; row_content_width=&#8221;grid&#8221; content_text_alignment=&#8221;center&#8221; css=&#8221;.vc_custom_1663942859639{background-image: url(https:\/\/www.torreabadal.com\/wp-content\/uploads\/2022\/09\/historia-1.png?id=3266) !important;}&#8221;][vc_column css=&#8221;.vc_custom_1575458062512{padding-top: 159px !important;padding-bottom: 186px !important;}&#8221; column_responsive_padding_1024=&#8221;113px 15px 133px&#8221; column_responsive_padding_768=&#8221;114px 15px 134px&#8221; column_responsive_padding_680=&#8221;72px 15px 87px&#8221; column_responsive_padding_1440=&#8221;129px 15px 156px&#8221; column_responsive_padding_1280=&#8221;99px 15px 128px&#8221;]<h1 class=\"qodef-shortcode qodef-m  qodef-custom-font qodef-custom-font-2247 qodef-layout--simple\" style=\"color: #ffffff;font-size: 110px;line-height: 120px\">On Som<\/h1>[\/vc_column][\/vc_row][vc_row row_content_width=&#8221;grid&#8221; css=&#8221;.vc_custom_1576764381145{padding-top: 23px !important;padding-bottom: 141px !important;}&#8221;][vc_column width=&#8221;1\/2&#8243;][vc_gmaps link=&#8221;#E-8_JTNDaWZyYW1lJTIwc3JjJTNEJTIyaHR0cHMlM0ElMkYlMkZ3d3cuZ29vZ2xlLmNvbSUyRm1hcHMlMkZlbWJlZCUzRnBiJTNEJTIxMW0xOCUyMTFtMTIlMjExbTMlMjExZDI5NzEuMzc5Mzk5Njk5NTI1NSUyMTJkMS45Njg5ODQxMTI0MTc3MzA3JTIxM2Q0MS44NjMxODI5NzExMjM2JTIxMm0zJTIxMWYwJTIxMmYwJTIxM2YwJTIxM20yJTIxMWkxMDI0JTIxMmk3NjglMjE0ZjEzLjElMjEzbTMlMjExbTIlMjExczB4MTJhNGZkOWVmZmY0ZDZkYiUyNTNBMHg2NmUwNDYwN2EwY2IyOTc1JTIxMnNUb3JyZSUyNTIwTW9kZXJuaXN0YSUyNTIwQWJhZGFsJTIxNWUwJTIxM20yJTIxMXNlcyUyMTJzZXMlMjE0djE3MTg4MDY5NTI5NzklMjE1bTIlMjExc2VzJTIxMnNlcyUyMiUyMHdpZHRoJTNEJTIyNjAwJTIyJTIwaGVpZ2h0JTNEJTIyNDUwJTIyJTIwc3R5bGUlM0QlMjJib3JkZXIlM0EwJTNCJTIyJTIwYWxsb3dmdWxsc2NyZWVuJTNEJTIyJTIyJTIwbG9hZGluZyUzRCUyMmxhenklMjIlMjByZWZlcnJlcnBvbGljeSUzRCUyMm5vLXJlZmVycmVyLXdoZW4tZG93bmdyYWRlJTIyJTNFJTNDJTJGaWZyYW1lJTNF&#8221;][\/vc_column][vc_column width=&#8221;1\/2&#8243;]<div class=\"qodef-shortcode qodef-m  qodef-section-title qodef-alignment--left \">\n\t\t\t<\/div>[vc_custom_heading text=&#8221;Com arribar!&#8221; font_container=&#8221;tag:h3|text_align:left&#8221; use_theme_fonts=&#8221;yes&#8221;][vc_column_text]La Torre Modernista Abadal es troba a la poblaci\u00f3 d&#8217;Aviny\u00f3, a la Catalunya Central, a la comarca del Bages. S&#8217;ubica al centre de la poblaci\u00f3, just darrere de l&#8217;esgl\u00e9sia. Hi ha aparcament f\u00e0cil a tot el nucli urb\u00e0. Si ho necessites, fes clic al seg\u00fcent enlla\u00e7 i arriba f\u00e0cilment amb l&#8217;aplicaci\u00f3 de Google.[\/vc_column_text][vc_btn title=&#8221;COM ARRIBAR&#8221; shape=&#8221;square&#8221; align=&#8221;left&#8221; link=&#8221;url:https%3A%2F%2Fwww.google.com%2Fmaps%3Fgs_lcrp%3DEgZjaHJvbWUqDggAEEUYJxg7GIAEGIoFMg4IABBFGCcYOxiABBiKBTIGCAEQRRhAMgYIAhBFGDkyFQgDEC4YFBivARjHARiHAhixAxiABDIHCAQQLhiABDIGCAUQRRg8MgYIBhBFGDwyBggHEEUYPKgCALACAQ%26um%3D1%26ie%3DUTF-8%26fb%3D1%26gl%3Des%26sa%3DX%26geocode%3DKdvW9P-e_aQSMXUpy6AHRuBm%26daddr%3DPla%25C3%25A7a%2BMajor%2C%2B24%2C%2B08279%2BAviny%25C3%25B3%2C%2BBarcelona|target:_blank|&#8221;][\/vc_column][\/vc_row][vc_row row_content_width=&#8221;grid&#8221; css=&#8221;.vc_custom_1576764381145{padding-top: 23px !important;padding-bottom: 141px !important;}&#8221;][vc_column]<div class=\"qodef-shortcode qodef-m  qodef-testimonials-list  qodef-grid qodef-swiper-container  qodef-gutter--normal qodef-col-num--1 qodef-item-layout--info-below qodef-responsive--predefined\" data-options=\"{&quot;slidesPerView&quot;:&quot;1&quot;,&quot;spaceBetween&quot;:15,&quot;loop&quot;:true,&quot;autoplay&quot;:true,&quot;speed&quot;:&quot;&quot;,&quot;speedAnimation&quot;:&quot;&quot;,&quot;unique&quot;:3484,&quot;outsideNavigation&quot;:&quot;yes&quot;}\">\n\t<div class=\"swiper-wrapper\">\n\t\t<div class=\"qodef-e swiper-slide\">\n\t<div class=\"qodef-e-inner\">\n\t\t\t\t<div class=\"qodef-e-content\">\n\t\t\t\t<h4 itemprop=\"name\" class=\"qodef-e-title entry-title\" >\n\t\tOpinions Torre Modernista Abadal\t<\/h4>\n\t\t\t\t<p class=\"qodef-e-author-name\">\n\t\tThomas Maurer \/\/ \t<\/p>\n\t\t\t\t<h3 itemprop=\"description\" class=\"qodef-e-text\">\n\t\tVale mucho la pena hacer la visita guiada. La hicimos junto con el aperitivo. Muy agradable la velada.\t<\/h3>\n\t\t\t\t<p class=\"qodef-e-author-job\">\n\t\tGoogle My Business\t<\/p>\n\t\t<\/div>\n\t<\/div>\n<\/div><div class=\"qodef-e swiper-slide\">\n\t<div class=\"qodef-e-inner\">\n\t\t\t\t<div class=\"qodef-e-content\">\n\t\t\t\t<h4 itemprop=\"name\" class=\"qodef-e-title entry-title\" >\n\t\tOpinions Torre Modernista Abadal\t<\/h4>\n\t\t\t\t<p class=\"qodef-e-author-name\">\n\t\tMarcosins72 \/\/ \t<\/p>\n\t\t\t\t<h3 itemprop=\"description\" class=\"qodef-e-text\">\n\t\tQued\u00e9 encantado. 100% recomendable. La misma due\u00f1a te hace la visita guiada, es muy maja, y el aperitivo que hab\u00edamos reservado fue la guinda del pastel. Una joya modernista viva con mil detalles.\t<\/h3>\n\t\t\t\t<p class=\"qodef-e-author-job\">\n\t\tGoogle My Business\t<\/p>\n\t\t<\/div>\n\t<\/div>\n<\/div><div class=\"qodef-e swiper-slide\">\n\t<div class=\"qodef-e-inner\">\n\t\t\t\t<div class=\"qodef-e-content\">\n\t\t\t\t<h4 itemprop=\"name\" class=\"qodef-e-title entry-title\" >\n\t\tOpinions Torre Modernista Abadal\t<\/h4>\n\t\t\t\t<p class=\"qodef-e-author-name\">\n\t\tLeila Garc\u00eda \/\/ \t<\/p>\n\t\t\t\t<h3 itemprop=\"description\" class=\"qodef-e-text\">\n\t\tAyer hicimos el Cluedo Dinner y fue una experiencia super divertida y \u00fanica. El ambiente, las m\u00e1scaras, los dinamizadores y el men\u00fa un 20 sobre 10. Ha sido sorprendente y muy agradable!!!\t<\/h3>\n\t\t\t\t<p class=\"qodef-e-author-job\">\n\t\tGoogle My Business\t<\/p>\n\t\t<\/div>\n\t<\/div>\n<\/div><div class=\"qodef-e swiper-slide\">\n\t<div class=\"qodef-e-inner\">\n\t\t\t\t<div class=\"qodef-e-content\">\n\t\t\t\t<h4 itemprop=\"name\" class=\"qodef-e-title entry-title\" >\n\t\tOpinions Torre Modernista Abadal\t<\/h4>\n\t\t\t\t<p class=\"qodef-e-author-name\">\n\t\tPedro Torras \/\/ \t<\/p>\n\t\t\t\t<h3 itemprop=\"description\" class=\"qodef-e-text\">\n\t\tUna experiencia alucinante...! Te traslada al pasado en un ambiente elegante y muy agradable. Es la visita guiada m\u00e1s personalizada que he vivido. Vale la pena el traslado hasta Avinyonet solo por visitar esa torre.\t<\/h3>\n\t\t\t\t<p class=\"qodef-e-author-job\">\n\t\tGoogle My Business\t<\/p>\n\t\t<\/div>\n\t<\/div>\n<\/div><div class=\"qodef-e swiper-slide\">\n\t<div class=\"qodef-e-inner\">\n\t\t\t\t<div class=\"qodef-e-content\">\n\t\t\t\t<h4 itemprop=\"name\" class=\"qodef-e-title entry-title\" >\n\t\tOpinions Torre Modernista Abadal\t<\/h4>\n\t\t\t\t<p class=\"qodef-e-author-name\">\n\t\tMerce Elias \/\/ \t<\/p>\n\t\t\t\t<h3 itemprop=\"description\" class=\"qodef-e-text\">\n\t\tLa casa es una maravilla. Muy recomendable realizar una visita guiada. Una inmersi\u00f3n modernista completa. Vale mucho la pena si est\u00e1s por la zona. Genial el vermutillo al final. \u00a1Ah! \u00a1Lo mejor, la anfitriona! Nos lo explic\u00f3 todo muy bien.\t<\/h3>\n\t\t\t\t<p class=\"qodef-e-author-job\">\n\t\tGoogle My Business\t<\/p>\n\t\t<\/div>\n\t<\/div>\n<\/div><div class=\"qodef-e swiper-slide\">\n\t<div class=\"qodef-e-inner\">\n\t\t\t\t<div class=\"qodef-e-content\">\n\t\t\t\t<h4 itemprop=\"name\" class=\"qodef-e-title entry-title\" >\n\t\tOpinions Torre Modernista Abadal\t<\/h4>\n\t\t\t\t<p class=\"qodef-e-author-name\">\n\t\tOrlando Balcells Morell \/\/ \t<\/p>\n\t\t\t\t<h3 itemprop=\"description\" class=\"qodef-e-text\">\n\t\t\u00a1Una experiencia fabulosa! La Torre impresionante, con unos detalles que te hacen revivir la \u00e9poca, el espect\u00e1culo a\u00f1os 20 genial, \u00a1la gu\u00eda s\u00faper! Una velada que vale mucho la pena.\t<\/h3>\n\t\t\t\t<p class=\"qodef-e-author-job\">\n\t\tGoogle My Business\t<\/p>\n\t\t<\/div>\n\t<\/div>\n<\/div><div class=\"qodef-e swiper-slide\">\n\t<div class=\"qodef-e-inner\">\n\t\t\t\t<div class=\"qodef-e-content\">\n\t\t\t\t<h4 itemprop=\"name\" class=\"qodef-e-title entry-title\" >\n\t\tOpinions Torre Modernista Abadal\t<\/h4>\n\t\t\t\t<p class=\"qodef-e-author-name\">\n\t\tJofre Ayala \/\/ \t<\/p>\n\t\t\t\t<h3 itemprop=\"description\" class=\"qodef-e-text\">\n\t\tPasamos una magn\u00edfica cena en los jardines de esta magn\u00edfica torre modernista. Belleza, buen gusto y buen rollo con m\u00fasica en vivo. Esperando la pr\u00f3xima!\t<\/h3>\n\t\t\t\t<p class=\"qodef-e-author-job\">\n\t\tGoogle My Business\t<\/p>\n\t\t<\/div>\n\t<\/div>\n<\/div>\t<\/div>\n\t\t\t<div class=\"swiper-pagination\"><\/div>\n\t<\/div>\n[\/vc_column][\/vc_row][vc_row row_content_width=&#8221;grid&#8221; css=&#8221;.vc_custom_1576675773170{padding-bottom: 66px !important;}&#8221;][vc_column]<div class=\"qodef-shortcode qodef-m  qodef-image-gallery qodef-magnific-popup qodef-popup-gallery qodef-grid qodef-layout--columns  qodef-gutter--normal qodef-col-num--4  qodef-responsive--predefined\">\n    <div class=\"qodef-grid-inner clear\">\n\t\t<div class=\"qodef-e qodef-image-wrapper qodef-grid-item\">\n\t\t\t<a class=\"qodef-popup-item\" itemprop=\"image\" href=\"https:\/\/www.torreabadal.com\/wp-content\/uploads\/2022\/09\/abadal_historia4.png\" data-type=\"image\" title=\"Casa Modernista per Casaments Barcelona \u00b7 Torre Abadal\">\n\t\t\t<img loading=\"lazy\" decoding=\"async\" width=\"1000\" height=\"1322\" src=\"https:\/\/www.torreabadal.com\/wp-content\/uploads\/2022\/09\/abadal_historia4.png\" class=\"attachment-full size-full\" alt=\"Casa Modernista per Casaments Barcelona \u00b7 Torre Abadal\" srcset=\"https:\/\/www.torreabadal.com\/wp-content\/uploads\/2022\/09\/abadal_historia4.png 1000w, https:\/\/www.torreabadal.com\/wp-content\/uploads\/2022\/09\/abadal_historia4-227x300.png 227w, https:\/\/www.torreabadal.com\/wp-content\/uploads\/2022\/09\/abadal_historia4-775x1024.png 775w, https:\/\/www.torreabadal.com\/wp-content\/uploads\/2022\/09\/abadal_historia4-768x1015.png 768w, https:\/\/www.torreabadal.com\/wp-content\/uploads\/2022\/09\/abadal_historia4-600x793.png 600w\" sizes=\"(max-width: 1000px) 100vw, 1000px\" \/>\t\t\t<\/a>\n\t<\/div><div class=\"qodef-e qodef-image-wrapper qodef-grid-item\">\n\t\t\t<a class=\"qodef-popup-item\" itemprop=\"image\" href=\"https:\/\/www.torreabadal.com\/wp-content\/uploads\/2022\/09\/historia_abadal6.png\" data-type=\"image\" title=\"Casa Modernista per Casaments Barcelona \u00b7 Torre Abadal\">\n\t\t\t<img loading=\"lazy\" decoding=\"async\" width=\"1000\" height=\"1322\" src=\"https:\/\/www.torreabadal.com\/wp-content\/uploads\/2022\/09\/historia_abadal6.png\" class=\"attachment-full size-full\" alt=\"Casa Modernista per Casaments Barcelona \u00b7 Torre Abadal\" srcset=\"https:\/\/www.torreabadal.com\/wp-content\/uploads\/2022\/09\/historia_abadal6.png 1000w, https:\/\/www.torreabadal.com\/wp-content\/uploads\/2022\/09\/historia_abadal6-227x300.png 227w, https:\/\/www.torreabadal.com\/wp-content\/uploads\/2022\/09\/historia_abadal6-775x1024.png 775w, https:\/\/www.torreabadal.com\/wp-content\/uploads\/2022\/09\/historia_abadal6-768x1015.png 768w, https:\/\/www.torreabadal.com\/wp-content\/uploads\/2022\/09\/historia_abadal6-600x793.png 600w\" sizes=\"(max-width: 1000px) 100vw, 1000px\" \/>\t\t\t<\/a>\n\t<\/div><div class=\"qodef-e qodef-image-wrapper qodef-grid-item\">\n\t\t\t<a class=\"qodef-popup-item\" itemprop=\"image\" href=\"https:\/\/www.torreabadal.com\/wp-content\/uploads\/2022\/09\/abadal_historia2.png\" data-type=\"image\" title=\"Casa Modernista per Casaments Barcelona \u00b7 Torre Abadal\">\n\t\t\t<img loading=\"lazy\" decoding=\"async\" width=\"1000\" height=\"1322\" src=\"https:\/\/www.torreabadal.com\/wp-content\/uploads\/2022\/09\/abadal_historia2.png\" class=\"attachment-full size-full\" alt=\"Casa Modernista per Casaments Barcelona \u00b7 Torre Abadal\" srcset=\"https:\/\/www.torreabadal.com\/wp-content\/uploads\/2022\/09\/abadal_historia2.png 1000w, https:\/\/www.torreabadal.com\/wp-content\/uploads\/2022\/09\/abadal_historia2-227x300.png 227w, https:\/\/www.torreabadal.com\/wp-content\/uploads\/2022\/09\/abadal_historia2-775x1024.png 775w, https:\/\/www.torreabadal.com\/wp-content\/uploads\/2022\/09\/abadal_historia2-768x1015.png 768w, https:\/\/www.torreabadal.com\/wp-content\/uploads\/2022\/09\/abadal_historia2-600x793.png 600w\" sizes=\"(max-width: 1000px) 100vw, 1000px\" \/>\t\t\t<\/a>\n\t<\/div><div class=\"qodef-e qodef-image-wrapper qodef-grid-item\">\n\t\t\t<a class=\"qodef-popup-item\" itemprop=\"image\" href=\"https:\/\/www.torreabadal.com\/wp-content\/uploads\/2022\/09\/historia_abadal.png\" data-type=\"image\" title=\"Casa Modernista per Casaments Barcelona \u00b7 Torre Abadal\">\n\t\t\t<img loading=\"lazy\" decoding=\"async\" width=\"1000\" height=\"1322\" src=\"https:\/\/www.torreabadal.com\/wp-content\/uploads\/2022\/09\/historia_abadal.png\" class=\"attachment-full size-full\" alt=\"Casa Modernista per Casaments Barcelona \u00b7 Torre Abadal\" srcset=\"https:\/\/www.torreabadal.com\/wp-content\/uploads\/2022\/09\/historia_abadal.png 1000w, https:\/\/www.torreabadal.com\/wp-content\/uploads\/2022\/09\/historia_abadal-227x300.png 227w, https:\/\/www.torreabadal.com\/wp-content\/uploads\/2022\/09\/historia_abadal-775x1024.png 775w, https:\/\/www.torreabadal.com\/wp-content\/uploads\/2022\/09\/historia_abadal-768x1015.png 768w, https:\/\/www.torreabadal.com\/wp-content\/uploads\/2022\/09\/historia_abadal-600x793.png 600w\" sizes=\"(max-width: 1000px) 100vw, 1000px\" \/>\t\t\t<\/a>\n\t<\/div>    <\/div>\n<\/div><div class=\"qodef-shortcode qodef-m  qodef-image-gallery qodef-magnific-popup qodef-popup-gallery qodef-grid qodef-layout--columns  qodef-gutter--normal qodef-col-num--4  qodef-responsive--predefined\">\n    <div class=\"qodef-grid-inner clear\">\n\t\t<div class=\"qodef-e qodef-image-wrapper qodef-grid-item\">\n\t\t\t<a class=\"qodef-popup-item\" itemprop=\"image\" href=\"https:\/\/www.torreabadal.com\/wp-content\/uploads\/2022\/09\/historia_abadal3.png\" data-type=\"image\" title=\"Casa Modernista per Casaments Barcelona \u00b7 Torre Abadal\">\n\t\t\t<img loading=\"lazy\" decoding=\"async\" width=\"1000\" height=\"1322\" src=\"https:\/\/www.torreabadal.com\/wp-content\/uploads\/2022\/09\/historia_abadal3.png\" class=\"attachment-full size-full\" alt=\"Casa Modernista per Casaments Barcelona \u00b7 Torre Abadal\" srcset=\"https:\/\/www.torreabadal.com\/wp-content\/uploads\/2022\/09\/historia_abadal3.png 1000w, https:\/\/www.torreabadal.com\/wp-content\/uploads\/2022\/09\/historia_abadal3-227x300.png 227w, https:\/\/www.torreabadal.com\/wp-content\/uploads\/2022\/09\/historia_abadal3-775x1024.png 775w, https:\/\/www.torreabadal.com\/wp-content\/uploads\/2022\/09\/historia_abadal3-768x1015.png 768w, https:\/\/www.torreabadal.com\/wp-content\/uploads\/2022\/09\/historia_abadal3-600x793.png 600w\" sizes=\"(max-width: 1000px) 100vw, 1000px\" \/>\t\t\t<\/a>\n\t<\/div><div class=\"qodef-e qodef-image-wrapper qodef-grid-item\">\n\t\t\t<a class=\"qodef-popup-item\" itemprop=\"image\" href=\"https:\/\/www.torreabadal.com\/wp-content\/uploads\/2022\/09\/abadal_historia5.png\" data-type=\"image\" title=\"Casa Modernista per Casaments Barcelona \u00b7 Torre Abadal\">\n\t\t\t<img loading=\"lazy\" decoding=\"async\" width=\"1000\" height=\"1322\" src=\"https:\/\/www.torreabadal.com\/wp-content\/uploads\/2022\/09\/abadal_historia5.png\" class=\"attachment-full size-full\" alt=\"Casa Modernista per Casaments Barcelona \u00b7 Torre Abadal\" srcset=\"https:\/\/www.torreabadal.com\/wp-content\/uploads\/2022\/09\/abadal_historia5.png 1000w, https:\/\/www.torreabadal.com\/wp-content\/uploads\/2022\/09\/abadal_historia5-227x300.png 227w, https:\/\/www.torreabadal.com\/wp-content\/uploads\/2022\/09\/abadal_historia5-775x1024.png 775w, https:\/\/www.torreabadal.com\/wp-content\/uploads\/2022\/09\/abadal_historia5-768x1015.png 768w, https:\/\/www.torreabadal.com\/wp-content\/uploads\/2022\/09\/abadal_historia5-600x793.png 600w\" sizes=\"(max-width: 1000px) 100vw, 1000px\" \/>\t\t\t<\/a>\n\t<\/div><div class=\"qodef-e qodef-image-wrapper qodef-grid-item\">\n\t\t\t<a class=\"qodef-popup-item\" itemprop=\"image\" href=\"https:\/\/www.torreabadal.com\/wp-content\/uploads\/2022\/09\/historia_abadal5.png\" data-type=\"image\" title=\"Casa Modernista per Casaments Barcelona \u00b7 Torre Abadal\">\n\t\t\t<img loading=\"lazy\" decoding=\"async\" width=\"1000\" height=\"1322\" src=\"https:\/\/www.torreabadal.com\/wp-content\/uploads\/2022\/09\/historia_abadal5.png\" class=\"attachment-full size-full\" alt=\"Casa Modernista per Casaments Barcelona \u00b7 Torre Abadal\" srcset=\"https:\/\/www.torreabadal.com\/wp-content\/uploads\/2022\/09\/historia_abadal5.png 1000w, https:\/\/www.torreabadal.com\/wp-content\/uploads\/2022\/09\/historia_abadal5-227x300.png 227w, https:\/\/www.torreabadal.com\/wp-content\/uploads\/2022\/09\/historia_abadal5-775x1024.png 775w, https:\/\/www.torreabadal.com\/wp-content\/uploads\/2022\/09\/historia_abadal5-768x1015.png 768w, https:\/\/www.torreabadal.com\/wp-content\/uploads\/2022\/09\/historia_abadal5-600x793.png 600w\" sizes=\"(max-width: 1000px) 100vw, 1000px\" \/>\t\t\t<\/a>\n\t<\/div><div class=\"qodef-e qodef-image-wrapper qodef-grid-item\">\n\t\t\t<a class=\"qodef-popup-item\" itemprop=\"image\" href=\"https:\/\/www.torreabadal.com\/wp-content\/uploads\/2022\/09\/abadal_historia7.png\" data-type=\"image\" title=\"Casa Modernista per Casaments Barcelona \u00b7 Torre Abadal\">\n\t\t\t<img loading=\"lazy\" decoding=\"async\" width=\"1000\" height=\"1322\" src=\"https:\/\/www.torreabadal.com\/wp-content\/uploads\/2022\/09\/abadal_historia7.png\" class=\"attachment-full size-full\" alt=\"Casa Modernista per Casaments Barcelona \u00b7 Torre Abadal\" srcset=\"https:\/\/www.torreabadal.com\/wp-content\/uploads\/2022\/09\/abadal_historia7.png 1000w, https:\/\/www.torreabadal.com\/wp-content\/uploads\/2022\/09\/abadal_historia7-227x300.png 227w, https:\/\/www.torreabadal.com\/wp-content\/uploads\/2022\/09\/abadal_historia7-775x1024.png 775w, https:\/\/www.torreabadal.com\/wp-content\/uploads\/2022\/09\/abadal_historia7-768x1015.png 768w, https:\/\/www.torreabadal.com\/wp-content\/uploads\/2022\/09\/abadal_historia7-600x793.png 600w\" sizes=\"(max-width: 1000px) 100vw, 1000px\" \/>\t\t\t<\/a>\n\t<\/div>    <\/div>\n<\/div><div class=\"qodef-shortcode qodef-m  qodef-image-gallery qodef-magnific-popup qodef-popup-gallery qodef-grid qodef-layout--columns  qodef-gutter--normal qodef-col-num--4  qodef-responsive--predefined\">\n    <div class=\"qodef-grid-inner clear\">\n\t\t<div class=\"qodef-e qodef-image-wrapper qodef-grid-item\">\n\t\t\t<a class=\"qodef-popup-item\" itemprop=\"image\" href=\"https:\/\/www.torreabadal.com\/wp-content\/uploads\/2022\/09\/abadal_historia3.png\" data-type=\"image\" title=\"Casa Modernista per Casaments Barcelona \u00b7 Torre Abadal\">\n\t\t\t<img loading=\"lazy\" decoding=\"async\" width=\"1000\" height=\"1322\" src=\"https:\/\/www.torreabadal.com\/wp-content\/uploads\/2022\/09\/abadal_historia3.png\" class=\"attachment-full size-full\" alt=\"Casa Modernista per Casaments Barcelona \u00b7 Torre Abadal\" srcset=\"https:\/\/www.torreabadal.com\/wp-content\/uploads\/2022\/09\/abadal_historia3.png 1000w, https:\/\/www.torreabadal.com\/wp-content\/uploads\/2022\/09\/abadal_historia3-227x300.png 227w, https:\/\/www.torreabadal.com\/wp-content\/uploads\/2022\/09\/abadal_historia3-775x1024.png 775w, https:\/\/www.torreabadal.com\/wp-content\/uploads\/2022\/09\/abadal_historia3-768x1015.png 768w, https:\/\/www.torreabadal.com\/wp-content\/uploads\/2022\/09\/abadal_historia3-600x793.png 600w\" sizes=\"(max-width: 1000px) 100vw, 1000px\" \/>\t\t\t<\/a>\n\t<\/div><div class=\"qodef-e qodef-image-wrapper qodef-grid-item\">\n\t\t\t<a class=\"qodef-popup-item\" itemprop=\"image\" href=\"https:\/\/www.torreabadal.com\/wp-content\/uploads\/2022\/09\/historia_abadal2.png\" data-type=\"image\" title=\"Casa Modernista per Casaments Barcelona \u00b7 Torre Abadal\">\n\t\t\t<img loading=\"lazy\" decoding=\"async\" width=\"1000\" height=\"1322\" src=\"https:\/\/www.torreabadal.com\/wp-content\/uploads\/2022\/09\/historia_abadal2.png\" class=\"attachment-full size-full\" alt=\"Casa Modernista per Casaments Barcelona \u00b7 Torre Abadal\" srcset=\"https:\/\/www.torreabadal.com\/wp-content\/uploads\/2022\/09\/historia_abadal2.png 1000w, https:\/\/www.torreabadal.com\/wp-content\/uploads\/2022\/09\/historia_abadal2-227x300.png 227w, https:\/\/www.torreabadal.com\/wp-content\/uploads\/2022\/09\/historia_abadal2-775x1024.png 775w, https:\/\/www.torreabadal.com\/wp-content\/uploads\/2022\/09\/historia_abadal2-768x1015.png 768w, https:\/\/www.torreabadal.com\/wp-content\/uploads\/2022\/09\/historia_abadal2-600x793.png 600w\" sizes=\"(max-width: 1000px) 100vw, 1000px\" \/>\t\t\t<\/a>\n\t<\/div><div class=\"qodef-e qodef-image-wrapper qodef-grid-item\">\n\t\t\t<a class=\"qodef-popup-item\" itemprop=\"image\" href=\"https:\/\/www.torreabadal.com\/wp-content\/uploads\/2022\/09\/abadal_historia.png\" data-type=\"image\" title=\"Casa Modernista per Casaments Barcelona \u00b7 Torre Abadal\">\n\t\t\t<img loading=\"lazy\" decoding=\"async\" width=\"1000\" height=\"1322\" src=\"https:\/\/www.torreabadal.com\/wp-content\/uploads\/2022\/09\/abadal_historia.png\" class=\"attachment-full size-full\" alt=\"Casa Modernista per Casaments Barcelona \u00b7 Torre Abadal\" srcset=\"https:\/\/www.torreabadal.com\/wp-content\/uploads\/2022\/09\/abadal_historia.png 1000w, https:\/\/www.torreabadal.com\/wp-content\/uploads\/2022\/09\/abadal_historia-227x300.png 227w, https:\/\/www.torreabadal.com\/wp-content\/uploads\/2022\/09\/abadal_historia-775x1024.png 775w, https:\/\/www.torreabadal.com\/wp-content\/uploads\/2022\/09\/abadal_historia-768x1015.png 768w, https:\/\/www.torreabadal.com\/wp-content\/uploads\/2022\/09\/abadal_historia-600x793.png 600w\" sizes=\"(max-width: 1000px) 100vw, 1000px\" \/>\t\t\t<\/a>\n\t<\/div><div class=\"qodef-e qodef-image-wrapper qodef-grid-item\">\n\t\t\t<a class=\"qodef-popup-item\" itemprop=\"image\" href=\"https:\/\/www.torreabadal.com\/wp-content\/uploads\/2022\/09\/historia_abadal4.png\" data-type=\"image\" title=\"Casa Modernista per Casaments Barcelona \u00b7 Torre Abadal\">\n\t\t\t<img loading=\"lazy\" decoding=\"async\" width=\"1000\" height=\"1322\" src=\"https:\/\/www.torreabadal.com\/wp-content\/uploads\/2022\/09\/historia_abadal4.png\" class=\"attachment-full size-full\" alt=\"Casa Modernista per Casaments Barcelona \u00b7 Torre Abadal\" srcset=\"https:\/\/www.torreabadal.com\/wp-content\/uploads\/2022\/09\/historia_abadal4.png 1000w, https:\/\/www.torreabadal.com\/wp-content\/uploads\/2022\/09\/historia_abadal4-227x300.png 227w, https:\/\/www.torreabadal.com\/wp-content\/uploads\/2022\/09\/historia_abadal4-775x1024.png 775w, https:\/\/www.torreabadal.com\/wp-content\/uploads\/2022\/09\/historia_abadal4-768x1015.png 768w, https:\/\/www.torreabadal.com\/wp-content\/uploads\/2022\/09\/historia_abadal4-600x793.png 600w\" sizes=\"(max-width: 1000px) 100vw, 1000px\" \/>\t\t\t<\/a>\n\t<\/div>    <\/div>\n<\/div>[\/vc_column][\/vc_row][vc_row row_content_width=&#8221;grid&#8221; css=&#8221;.vc_custom_1576671953615{padding-bottom: 74px !important;}&#8221;][vc_column css=&#8221;.vc_custom_1576841865739{padding-top: 23px !important;}&#8221; offset=&#8221;vc_col-lg-5 vc_col-md-12&#8243; column_responsive_padding_1366=&#8221;54px 15px 0px&#8221; column_responsive_padding_1440=&#8221;53px 15px 0px&#8221;]<div class=\"qodef-shortcode qodef-m  qodef-stacked-images qodef-layout--default qodef-stack--bottom\">\n\t<div class=\"qodef-m-images\">\n\t\t<div class=\"qodef-e-main-image-holder\">\n\t\t\t<div class=\"qodef-e-main-image-zoom-holder\">\n\t\t\t\t\t\t\t<img loading=\"lazy\" decoding=\"async\" width=\"1000\" height=\"1653\" src=\"https:\/\/www.torreabadal.com\/wp-content\/uploads\/2022\/09\/conologia_abadal_torre.png\" class=\"qodef-e-main-image\" alt=\"Casa Modernista per Casaments Barcelona \u00b7 Torre Abadal\" srcset=\"https:\/\/www.torreabadal.com\/wp-content\/uploads\/2022\/09\/conologia_abadal_torre.png 1000w, https:\/\/www.torreabadal.com\/wp-content\/uploads\/2022\/09\/conologia_abadal_torre-181x300.png 181w, https:\/\/www.torreabadal.com\/wp-content\/uploads\/2022\/09\/conologia_abadal_torre-619x1024.png 619w, https:\/\/www.torreabadal.com\/wp-content\/uploads\/2022\/09\/conologia_abadal_torre-768x1270.png 768w, https:\/\/www.torreabadal.com\/wp-content\/uploads\/2022\/09\/conologia_abadal_torre-929x1536.png 929w, https:\/\/www.torreabadal.com\/wp-content\/uploads\/2022\/09\/conologia_abadal_torre-600x992.png 600w\" sizes=\"(max-width: 1000px) 100vw, 1000px\" \/>\t\t\t\t\t\t<\/div>\n\t\t<\/div>\n\t\t\t\n\t<\/div>\n<\/div>[\/vc_column][vc_column width=&#8221;1\/12&#8243; css=&#8221;.vc_custom_1575386055545{padding-right: 5px !important;padding-left: 0px !important;}&#8221; offset=&#8221;vc_col-lg-2 vc_col-md-1 vc_col-xs-2&#8243;][\/vc_column][vc_column width=&#8221;5\/6&#8243; css=&#8221;.vc_custom_1576672167183{padding-top: 17px !important;padding-right: 35px !important;}&#8221; offset=&#8221;vc_col-lg-5 vc_col-md-10 vc_col-xs-10&#8243; column_responsive_padding_768=&#8221;17px 15px 50px&#8221; column_responsive_padding_1024=&#8221;17px 15px 50px&#8221;][vc_column_text]<\/p>\n<h3>Els inicis a Aviny\u00f3<\/h3>\n<p style=\"margin: -15px 0px 0px 0px;\">El 1850 la fam\u00edlia Abadal compra dues cases, a la Pla\u00e7a Major d&#8217;Aviny\u00f3, a la fam\u00edlia Verdaguer.El 1907, Antoni Abadal i Portella encarregar\u00e0 la construcci\u00f3 de Torre Abadal a Alexandre Soler i March.<\/p>\n<p>[\/vc_column_text][vc_column_text]<\/p>\n<h3>La casa d\u2019estiueig<\/h3>\n<p style=\"margin: -15px 0px 0px 0px;\">La fam\u00edlia Abadal s\u2019exilia de Catalunya per l\u2019inici de la guerra civil. Durant els anys posteriors a la guerra, la Torre Abadal ser\u00e0 la resid\u00e8ncia d&#8217;estiueig familiar.<\/p>\n<p>[\/vc_column_text][vc_column_text]<\/p>\n<h3>La nova hereva<\/h3>\n<p style=\"margin: -15px 0px 0px 0px;\">M\u00f2nica Abadal i Argem\u00ed, no nom\u00e9s hereva el patrimoni familiar sin\u00f3, tot un conjunt modernista. De bon principi t\u00e9 clar els seus objectius: la vol cuidar, mantenir i millorar.<\/p>\n<p>[\/vc_column_text][vc_column_text]<\/p>\n<h3>S\u2019inicia una nova etapa<\/h3>\n<p style=\"margin: -15px 0px 0px 0px;\">En un sopar d\u2019amics sorgeix la idea d\u2019un nou projecte que retorni l\u2019esplendor a la Torre Abadal i l\u2019obri a la ciutadania. Emergeix com un espai on poder viure experi\u00e8ncies \u00faniques.<\/p>\n<p>[\/vc_column_text][\/vc_column][\/vc_row][vc_row][vc_column][vc_cta h2=&#8221;Agenda Torre Modernista Abadal&#8221; txt_align=&#8221;center&#8221; add_button=&#8221;bottom&#8221; btn_title=&#8221;Comprar Entradas&#8221; btn_style=&#8221;classic&#8221; btn_shape=&#8221;square&#8221; btn_align=&#8221;center&#8221; btn_link=&#8221;url:https%3A%2F%2Fwww.torreabadal.com%2Fes%2Fagenda-torre-abadal%2F|&#8221;]Esdeveniments, visites guiades i activitats exclusives. No et perdis l&#8217;oportunitat<br \/>\nde viure una experi\u00e8ncia \u00fanica en un entorn espectacular. Reserva ara i gaudeix d&#8217;un dia inoblidable amb nosaltres![\/vc_cta][\/vc_column][\/vc_row]<\/p>\n","protected":false},"excerpt":{"rendered":"<p>[vc_row content_placement=&#8221;middle&#8221; row_content_width=&#8221;grid&#8221; content_text_alignment=&#8221;center&#8221; css=&#8221;.vc_custom_1663942859639{background-image: url(https:\/\/www.torreabadal.com\/wp-content\/uploads\/2022\/09\/historia-1.png?id=3266) !important;}&#8221;][vc_column css=&#8221;.vc_custom_1575458062512{padding-top: 159px !important;padding-bottom: 186px !important;}&#8221; column_responsive_padding_1024=&#8221;113px 15px 133px&#8221; column_responsive_padding_768=&#8221;114px 15px 134px&#8221; column_responsive_padding_680=&#8221;72px 15px 87px&#8221; column_responsive_padding_1440=&#8221;129px 15px 156px&#8221; column_responsive_padding_1280=&#8221;99px 15px 128px&#8221;][\/vc_column][\/vc_row][vc_row row_content_width=&#8221;grid&#8221; css=&#8221;.vc_custom_1576764381145{padding-top: 23px !important;padding-bottom: 141px !important;}&#8221;][vc_column width=&#8221;1\/2&#8243;][vc_gmaps link=&#8221;#E-8_JTNDaWZyYW1lJTIwc3JjJTNEJTIyaHR0cHMlM0ElMkYlMkZ3d3cuZ29vZ2xlLmNvbSUyRm1hcHMlMkZlbWJlZCUzRnBiJTNEJTIxMW0xOCUyMTFtMTIlMjExbTMlMjExZDI5NzEuMzc5Mzk5Njk5NTI1NSUyMTJkMS45Njg5ODQxMTI0MTc3MzA3JTIxM2Q0MS44NjMxODI5NzExMjM2JTIxMm0zJTIxMWYwJTIxMmYwJTIxM2YwJTIxM20yJTIxMWkxMDI0JTIxMmk3NjglMjE0ZjEzLjElMjEzbTMlMjExbTIlMjExczB4MTJhNGZkOWVmZmY0ZDZkYiUyNTNBMHg2NmUwNDYwN2EwY2IyOTc1JTIxMnNUb3JyZSUyNTIwTW9kZXJuaXN0YSUyNTIwQWJhZGFsJTIxNWUwJTIxM20yJTIxMXNlcyUyMTJzZXMlMjE0djE3MTg4MDY5NTI5NzklMjE1bTIlMjExc2VzJTIxMnNlcyUyMiUyMHdpZHRoJTNEJTIyNjAwJTIyJTIwaGVpZ2h0JTNEJTIyNDUwJTIyJTIwc3R5bGUlM0QlMjJib3JkZXIlM0EwJTNCJTIyJTIwYWxsb3dmdWxsc2NyZWVuJTNEJTIyJTIyJTIwbG9hZGluZyUzRCUyMmxhenklMjIlMjByZWZlcnJlcnBvbGljeSUzRCUyMm5vLXJlZmVycmVyLXdoZW4tZG93bmdyYWRlJTIyJTNFJTNDJTJGaWZyYW1lJTNF&#8221;][\/vc_column][vc_column width=&#8221;1\/2&#8243;][vc_custom_heading text=&#8221;Com arribar!&#8221; font_container=&#8221;tag:h3|text_align:left&#8221; use_theme_fonts=&#8221;yes&#8221;][vc_column_text]La Torre Modernista Abadal es troba a la poblaci\u00f3 d&#8217;Aviny\u00f3, a la Catalunya Central, a la [&hellip;]<\/p>\n","protected":false},"author":1,"featured_media":0,"parent":0,"menu_order":0,"comment_status":"closed","ping_status":"closed","template":"page-full-width.php","meta":{"_joinchat":[],"footnotes":""},"yoast_head":"<!-- This site is optimized with the Yoast SEO plugin v22.9 - https:\/\/yoast.com\/wordpress\/plugins\/seo\/ -->\n<title>Torre Abadal \u00b7 Casa Modernista \u00b7 Alexandre Soler i March<\/title>\n<meta name=\"description\" content=\"La familia encarga al arquitecto Alexandre Soler i March la construcci\u00f3n de su segunda residencia en 1907 en Aviny\u00f3 (Barcelona).\" \/>\n<meta name=\"robots\" content=\"index, follow, max-snippet:-1, max-image-preview:large, max-video-preview:-1\" \/>\n<link rel=\"canonical\" href=\"https:\/\/www.torreabadal.com\/on-som\/\" \/>\n<meta property=\"og:locale\" content=\"es_ES\" \/>\n<meta property=\"og:type\" content=\"article\" \/>\n<meta property=\"og:title\" content=\"Torre Abadal \u00b7 Casa Modernista \u00b7 Alexandre Soler i March\" \/>\n<meta property=\"og:description\" content=\"La familia encarga al arquitecto Alexandre Soler i March la construcci\u00f3n de su segunda residencia en 1907 en Aviny\u00f3 (Barcelona).\" \/>\n<meta property=\"og:url\" content=\"https:\/\/www.torreabadal.com\/on-som\/\" \/>\n<meta property=\"og:site_name\" content=\"Torre Modernista Abadal\" \/>\n<meta property=\"article:publisher\" content=\"https:\/\/www.facebook.com\/torre.abadal\/\" \/>\n<meta property=\"article:modified_time\" content=\"2024-07-02T08:16:56+00:00\" \/>\n<meta name=\"twitter:card\" content=\"summary_large_image\" \/>\n<meta name=\"twitter:label1\" content=\"Tiempo de lectura\" \/>\n\t<meta name=\"twitter:data1\" content=\"3 minutos\" \/>\n<script type=\"application\/ld+json\" class=\"yoast-schema-graph\">{\"@context\":\"https:\/\/schema.org\",\"@graph\":[{\"@type\":\"WebPage\",\"@id\":\"https:\/\/www.torreabadal.com\/on-som\/\",\"url\":\"https:\/\/www.torreabadal.com\/on-som\/\",\"name\":\"Torre Abadal \u00b7 Casa Modernista \u00b7 Alexandre Soler i March\",\"isPartOf\":{\"@id\":\"https:\/\/www.torreabadal.com\/#website\"},\"datePublished\":\"2024-06-19T14:58:51+00:00\",\"dateModified\":\"2024-07-02T08:16:56+00:00\",\"description\":\"La familia encarga al arquitecto Alexandre Soler i March la construcci\u00f3n de su segunda residencia en 1907 en Aviny\u00f3 (Barcelona).\",\"breadcrumb\":{\"@id\":\"https:\/\/www.torreabadal.com\/on-som\/#breadcrumb\"},\"inLanguage\":\"es\",\"potentialAction\":[{\"@type\":\"ReadAction\",\"target\":[\"https:\/\/www.torreabadal.com\/on-som\/\"]}]},{\"@type\":\"BreadcrumbList\",\"@id\":\"https:\/\/www.torreabadal.com\/on-som\/#breadcrumb\",\"itemListElement\":[{\"@type\":\"ListItem\",\"position\":1,\"name\":\"Inici\",\"item\":\"https:\/\/www.torreabadal.com\/es\/\"},{\"@type\":\"ListItem\",\"position\":2,\"name\":\"D\u00f3nde estamos\"}]},{\"@type\":\"WebSite\",\"@id\":\"https:\/\/www.torreabadal.com\/#website\",\"url\":\"https:\/\/www.torreabadal.com\/\",\"name\":\"Torre Modernista Abadal\",\"description\":\"Una aut\u00e8ntica casa modernista del segle XX. Hist\u00f2ria, disseny i privacitat.\",\"publisher\":{\"@id\":\"https:\/\/www.torreabadal.com\/#organization\"},\"potentialAction\":[{\"@type\":\"SearchAction\",\"target\":{\"@type\":\"EntryPoint\",\"urlTemplate\":\"https:\/\/www.torreabadal.com\/?s={search_term_string}\"},\"query-input\":\"required name=search_term_string\"}],\"inLanguage\":\"es\"},{\"@type\":\"Organization\",\"@id\":\"https:\/\/www.torreabadal.com\/#organization\",\"name\":\"Torre Modernista Abadal\",\"url\":\"https:\/\/www.torreabadal.com\/\",\"logo\":{\"@type\":\"ImageObject\",\"inLanguage\":\"es\",\"@id\":\"https:\/\/www.torreabadal.com\/#\/schema\/logo\/image\/\",\"url\":\"https:\/\/www.torreabadal.com\/wp-content\/uploads\/2022\/09\/cropped-abadal-01-1.png\",\"contentUrl\":\"https:\/\/www.torreabadal.com\/wp-content\/uploads\/2022\/09\/cropped-abadal-01-1.png\",\"width\":1995,\"height\":1628,\"caption\":\"Torre Modernista Abadal\"},\"image\":{\"@id\":\"https:\/\/www.torreabadal.com\/#\/schema\/logo\/image\/\"},\"sameAs\":[\"https:\/\/www.facebook.com\/torre.abadal\/\",\"https:\/\/www.instagram.com\/torre.abadal\/\"]}]}<\/script>\n<!-- \/ Yoast SEO plugin. -->","yoast_head_json":{"title":"Torre Abadal \u00b7 Casa Modernista \u00b7 Alexandre Soler i March","description":"La familia encarga al arquitecto Alexandre Soler i March la construcci\u00f3n de su segunda residencia en 1907 en Aviny\u00f3 (Barcelona).","robots":{"index":"index","follow":"follow","max-snippet":"max-snippet:-1","max-image-preview":"max-image-preview:large","max-video-preview":"max-video-preview:-1"},"canonical":"https:\/\/www.torreabadal.com\/on-som\/","og_locale":"es_ES","og_type":"article","og_title":"Torre Abadal \u00b7 Casa Modernista \u00b7 Alexandre Soler i March","og_description":"La familia encarga al arquitecto Alexandre Soler i March la construcci\u00f3n de su segunda residencia en 1907 en Aviny\u00f3 (Barcelona).","og_url":"https:\/\/www.torreabadal.com\/on-som\/","og_site_name":"Torre Modernista Abadal","article_publisher":"https:\/\/www.facebook.com\/torre.abadal\/","article_modified_time":"2024-07-02T08:16:56+00:00","twitter_card":"summary_large_image","twitter_misc":{"Tiempo de lectura":"3 minutos"},"schema":{"@context":"https:\/\/schema.org","@graph":[{"@type":"WebPage","@id":"https:\/\/www.torreabadal.com\/on-som\/","url":"https:\/\/www.torreabadal.com\/on-som\/","name":"Torre Abadal \u00b7 Casa Modernista \u00b7 Alexandre Soler i March","isPartOf":{"@id":"https:\/\/www.torreabadal.com\/#website"},"datePublished":"2024-06-19T14:58:51+00:00","dateModified":"2024-07-02T08:16:56+00:00","description":"La familia encarga al arquitecto Alexandre Soler i March la construcci\u00f3n de su segunda residencia en 1907 en Aviny\u00f3 (Barcelona).","breadcrumb":{"@id":"https:\/\/www.torreabadal.com\/on-som\/#breadcrumb"},"inLanguage":"es","potentialAction":[{"@type":"ReadAction","target":["https:\/\/www.torreabadal.com\/on-som\/"]}]},{"@type":"BreadcrumbList","@id":"https:\/\/www.torreabadal.com\/on-som\/#breadcrumb","itemListElement":[{"@type":"ListItem","position":1,"name":"Inici","item":"https:\/\/www.torreabadal.com\/es\/"},{"@type":"ListItem","position":2,"name":"D\u00f3nde estamos"}]},{"@type":"WebSite","@id":"https:\/\/www.torreabadal.com\/#website","url":"https:\/\/www.torreabadal.com\/","name":"Torre Modernista Abadal","description":"Una aut\u00e8ntica casa modernista del segle XX. Hist\u00f2ria, disseny i privacitat.","publisher":{"@id":"https:\/\/www.torreabadal.com\/#organization"},"potentialAction":[{"@type":"SearchAction","target":{"@type":"EntryPoint","urlTemplate":"https:\/\/www.torreabadal.com\/?s={search_term_string}"},"query-input":"required name=search_term_string"}],"inLanguage":"es"},{"@type":"Organization","@id":"https:\/\/www.torreabadal.com\/#organization","name":"Torre Modernista Abadal","url":"https:\/\/www.torreabadal.com\/","logo":{"@type":"ImageObject","inLanguage":"es","@id":"https:\/\/www.torreabadal.com\/#\/schema\/logo\/image\/","url":"https:\/\/www.torreabadal.com\/wp-content\/uploads\/2022\/09\/cropped-abadal-01-1.png","contentUrl":"https:\/\/www.torreabadal.com\/wp-content\/uploads\/2022\/09\/cropped-abadal-01-1.png","width":1995,"height":1628,"caption":"Torre Modernista Abadal"},"image":{"@id":"https:\/\/www.torreabadal.com\/#\/schema\/logo\/image\/"},"sameAs":["https:\/\/www.facebook.com\/torre.abadal\/","https:\/\/www.instagram.com\/torre.abadal\/"]}]}},"_links":{"self":[{"href":"https:\/\/www.torreabadal.com\/es\/wp-json\/wp\/v2\/pages\/4644"}],"collection":[{"href":"https:\/\/www.torreabadal.com\/es\/wp-json\/wp\/v2\/pages"}],"about":[{"href":"https:\/\/www.torreabadal.com\/es\/wp-json\/wp\/v2\/types\/page"}],"author":[{"embeddable":true,"href":"https:\/\/www.torreabadal.com\/es\/wp-json\/wp\/v2\/users\/1"}],"replies":[{"embeddable":true,"href":"https:\/\/www.torreabadal.com\/es\/wp-json\/wp\/v2\/comments?post=4644"}],"version-history":[{"count":5,"href":"https:\/\/www.torreabadal.com\/es\/wp-json\/wp\/v2\/pages\/4644\/revisions"}],"predecessor-version":[{"id":4675,"href":"https:\/\/www.torreabadal.com\/es\/wp-json\/wp\/v2\/pages\/4644\/revisions\/4675"}],"wp:attachment":[{"href":"https:\/\/www.torreabadal.com\/es\/wp-json\/wp\/v2\/media?parent=4644"}],"curies":[{"name":"wp","href":"https:\/\/api.w.org\/{rel}","templated":true}]}}