{"id":4762,"date":"2024-05-01T06:56:05","date_gmt":"2024-05-01T06:56:05","guid":{"rendered":"https:\/\/www.torreabadal.com\/botiga\/amigos-de-la-torre-modernista-abadal\/"},"modified":"2024-09-07T06:18:12","modified_gmt":"2024-09-07T06:18:12","slug":"amigos-de-la-torre-modernista-abadal","status":"publish","type":"product","link":"https:\/\/www.torreabadal.com\/es\/botiga\/amigos-de-la-torre-modernista-abadal\/","title":{"rendered":"Amigos de la Torre Modernista Abadal"},"content":{"rendered":"","protected":false},"excerpt":{"rendered":"<div class=\"qodef-shortcode qodef-m qodef-section-title qodef-alignment--left \">\n<p class=\"qodef-m-text\"><strong>Precio Anual<\/strong><\/p>\n<p>Convertirte en Amigo de la Torre Modernista Abadal te permite contribuir activamente en la conservaci\u00f3n de nuestro valioso patrimonio nacional catal\u00e1n. Con este producto, no s\u00f3lo ayudas a preservar esta joya arquitect\u00f3nica, sino que disfrutas tambi\u00e9n de una serie de beneficios exclusivos. Las ventajas de ser Amigo de la Torre Modernista Abadal incluyen:<\/p>\n<details>\n<summary>Dos visitas guiadas gratuitas al a\u00f1o:<\/summary>\n<p>Explora la torre y descubre sus secretos con dos visitas guiadas, sin coste para ti o para tus amigos.<\/p>\n<\/details>\n<details>\n<summary>Descuento del 10% en todas las actividades:<\/summary>\n<p>Aprovecha este descuento en todas las actividades, eventos y exposiciones que organizamos, haz que tu experiencia sea a\u00fan m\u00e1s accesible.<\/p>\n<\/details>\n<details>\n<summary>Tote Bag exclusiva y tarjeta de socio:<\/summary>\n<p>Al inscribirte, recibir\u00e1s por correo postal una Tote Bag de Torre Abadal y una tarjeta de socio personalizada que podr\u00e1s utilizar para obtener descuentos en nuestros productos y servicios, as\u00ed como las instrucciones de c\u00f3mo hacer uso de las ventajas.<\/p>\n<\/details>\n<details>\n<summary>Acceso prioritario a todos eventos:<\/summary>\n<p>Disfruta de acceso preferente y los mejores asientos en todas las actividades y eventos especiales organizados en la torre.<\/p>\n<\/details>\n<\/div>\n<div class=\"wpb_text_column wpb_content_element \">\n<div class=\"wpb_wrapper\">\n<p>Formar parte de los Amigos de la Torre Modernista Abadal es mucho m\u00e1s que una suscripci\u00f3n; es una oportunidad para unirte a un proyecto que valora y protege nuestro patrimonio cultural. Con tu contribuci\u00f3n, est\u00e1s ayudando a conservar un tesoro de nuestra historia ya garantizar que futuras generaciones puedan disfrutar de esta maravilla arquitect\u00f3nica.<strong>Participa en la protecci\u00f3n de nuestro patrimonio<\/strong><\/p>\n<blockquote><p>\u00danete ahora y empieza a disfrutar de todas estas ventajas mientras colaboras en la conservaci\u00f3n de un patrimonio \u00fanico.<\/p><\/blockquote>\n<\/div>\n<\/div>\n","protected":false},"featured_media":4763,"template":"","meta":{"_joinchat":[]},"product_cat":[115,117],"product_tag":[],"yoast_head":"<!-- This site is optimized with the Yoast SEO plugin v22.9 - https:\/\/yoast.com\/wordpress\/plugins\/seo\/ -->\n<title>Amigos de la Torre Modernista Abadal - Torre Modernista Abadal<\/title>\n<meta name=\"robots\" content=\"index, follow, max-snippet:-1, max-image-preview:large, max-video-preview:-1\" \/>\n<link rel=\"canonical\" href=\"https:\/\/www.torreabadal.com\/es\/botiga\/amigos-de-la-torre-modernista-abadal\/\" \/>\n<meta property=\"og:locale\" content=\"es_ES\" \/>\n<meta property=\"og:type\" content=\"article\" \/>\n<meta property=\"og:title\" content=\"Amigos de la Torre Modernista Abadal - Torre Modernista Abadal\" \/>\n<meta property=\"og:description\" content=\"Precio Anual Convertirte en Amigo de la Torre Modernista Abadal te permite contribuir activamente en la conservaci\u00f3n de nuestro valioso patrimonio nacional catal\u00e1n. Con este producto, no s\u00f3lo ayudas a preservar esta joya arquitect\u00f3nica, sino que disfrutas tambi\u00e9n de una serie de beneficios exclusivos. Las ventajas de ser Amigo de la Torre Modernista Abadal incluyen:  Dos visitas guiadas gratuitas al a\u00f1o:Explora la torre y descubre sus secretos con dos visitas guiadas, sin coste para ti o para tus amigos.  Descuento del 10% en todas las actividades:Aprovecha este descuento en todas las actividades, eventos y exposiciones que organizamos, haz que tu experiencia sea a\u00fan m\u00e1s accesible.  Tote Bag exclusiva y tarjeta de socio:Al inscribirte, recibir\u00e1s por correo postal una Tote Bag de Torre Abadal y una tarjeta de socio personalizada que podr\u00e1s utilizar para obtener descuentos en nuestros productos y servicios, as\u00ed como las instrucciones de c\u00f3mo hacer uso de las ventajas.  Acceso prioritario a todos eventos:Disfruta de acceso preferente y los mejores asientos en todas las actividades y eventos especiales organizados en la torre.      Formar parte de los Amigos de la Torre Modernista Abadal es mucho m\u00e1s que una suscripci\u00f3n; es una oportunidad para unirte a un proyecto que valora y protege nuestro patrimonio cultural. Con tu contribuci\u00f3n, est\u00e1s ayudando a conservar un tesoro de nuestra historia ya garantizar que futuras generaciones puedan disfrutar de esta maravilla arquitect\u00f3nica.Participa en la protecci\u00f3n de nuestro patrimonio \u00danete ahora y empieza a disfrutar de todas estas ventajas mientras colaboras en la conservaci\u00f3n de un patrimonio \u00fanico.\" \/>\n<meta property=\"og:url\" content=\"https:\/\/www.torreabadal.com\/es\/botiga\/amigos-de-la-torre-modernista-abadal\/\" \/>\n<meta property=\"og:site_name\" content=\"Torre Modernista Abadal\" \/>\n<meta property=\"article:publisher\" content=\"https:\/\/www.facebook.com\/torre.abadal\/\" \/>\n<meta property=\"article:modified_time\" content=\"2024-09-07T06:18:12+00:00\" \/>\n<meta property=\"og:image\" content=\"https:\/\/www.torreabadal.com\/wp-content\/uploads\/2022\/12\/7eb27a2c-3169-4f61-b0a4-7383ab69f136.jpg\" \/>\n\t<meta property=\"og:image:width\" content=\"800\" \/>\n\t<meta property=\"og:image:height\" content=\"978\" \/>\n\t<meta property=\"og:image:type\" content=\"image\/jpeg\" \/>\n<meta name=\"twitter:card\" content=\"summary_large_image\" \/>\n<meta name=\"twitter:label1\" content=\"Tiempo de lectura\" \/>\n\t<meta name=\"twitter:data1\" content=\"1 minuto\" \/>\n<script type=\"application\/ld+json\" class=\"yoast-schema-graph\">{\"@context\":\"https:\/\/schema.org\",\"@graph\":[{\"@type\":\"WebPage\",\"@id\":\"https:\/\/www.torreabadal.com\/es\/botiga\/amigos-de-la-torre-modernista-abadal\/\",\"url\":\"https:\/\/www.torreabadal.com\/es\/botiga\/amigos-de-la-torre-modernista-abadal\/\",\"name\":\"Amigos de la Torre Modernista Abadal - Torre Modernista Abadal\",\"isPartOf\":{\"@id\":\"https:\/\/www.torreabadal.com\/#website\"},\"primaryImageOfPage\":{\"@id\":\"https:\/\/www.torreabadal.com\/es\/botiga\/amigos-de-la-torre-modernista-abadal\/#primaryimage\"},\"image\":{\"@id\":\"https:\/\/www.torreabadal.com\/es\/botiga\/amigos-de-la-torre-modernista-abadal\/#primaryimage\"},\"thumbnailUrl\":\"https:\/\/www.torreabadal.com\/wp-content\/uploads\/2022\/12\/7eb27a2c-3169-4f61-b0a4-7383ab69f136.jpg\",\"datePublished\":\"2024-05-01T06:56:05+00:00\",\"dateModified\":\"2024-09-07T06:18:12+00:00\",\"breadcrumb\":{\"@id\":\"https:\/\/www.torreabadal.com\/es\/botiga\/amigos-de-la-torre-modernista-abadal\/#breadcrumb\"},\"inLanguage\":\"es\",\"potentialAction\":[{\"@type\":\"ReadAction\",\"target\":[\"https:\/\/www.torreabadal.com\/es\/botiga\/amigos-de-la-torre-modernista-abadal\/\"]}]},{\"@type\":\"ImageObject\",\"inLanguage\":\"es\",\"@id\":\"https:\/\/www.torreabadal.com\/es\/botiga\/amigos-de-la-torre-modernista-abadal\/#primaryimage\",\"url\":\"https:\/\/www.torreabadal.com\/wp-content\/uploads\/2022\/12\/7eb27a2c-3169-4f61-b0a4-7383ab69f136.jpg\",\"contentUrl\":\"https:\/\/www.torreabadal.com\/wp-content\/uploads\/2022\/12\/7eb27a2c-3169-4f61-b0a4-7383ab69f136.jpg\",\"width\":800,\"height\":978},{\"@type\":\"BreadcrumbList\",\"@id\":\"https:\/\/www.torreabadal.com\/es\/botiga\/amigos-de-la-torre-modernista-abadal\/#breadcrumb\",\"itemListElement\":[{\"@type\":\"ListItem\",\"position\":1,\"name\":\"Inici\",\"item\":\"https:\/\/www.torreabadal.com\/es\/\"},{\"@type\":\"ListItem\",\"position\":2,\"name\":\"Tienda\",\"item\":\"https:\/\/www.torreabadal.com\/es\/tienda\/\"},{\"@type\":\"ListItem\",\"position\":3,\"name\":\"Amigos de la Torre Modernista Abadal\"}]},{\"@type\":\"WebSite\",\"@id\":\"https:\/\/www.torreabadal.com\/#website\",\"url\":\"https:\/\/www.torreabadal.com\/\",\"name\":\"Torre Modernista Abadal\",\"description\":\"Una aut\u00e8ntica casa modernista del segle XX. Hist\u00f2ria, disseny i privacitat.\",\"publisher\":{\"@id\":\"https:\/\/www.torreabadal.com\/#organization\"},\"potentialAction\":[{\"@type\":\"SearchAction\",\"target\":{\"@type\":\"EntryPoint\",\"urlTemplate\":\"https:\/\/www.torreabadal.com\/?s={search_term_string}\"},\"query-input\":\"required name=search_term_string\"}],\"inLanguage\":\"es\"},{\"@type\":\"Organization\",\"@id\":\"https:\/\/www.torreabadal.com\/#organization\",\"name\":\"Torre Modernista Abadal\",\"url\":\"https:\/\/www.torreabadal.com\/\",\"logo\":{\"@type\":\"ImageObject\",\"inLanguage\":\"es\",\"@id\":\"https:\/\/www.torreabadal.com\/#\/schema\/logo\/image\/\",\"url\":\"https:\/\/www.torreabadal.com\/wp-content\/uploads\/2022\/09\/cropped-abadal-01-1.png\",\"contentUrl\":\"https:\/\/www.torreabadal.com\/wp-content\/uploads\/2022\/09\/cropped-abadal-01-1.png\",\"width\":1995,\"height\":1628,\"caption\":\"Torre Modernista Abadal\"},\"image\":{\"@id\":\"https:\/\/www.torreabadal.com\/#\/schema\/logo\/image\/\"},\"sameAs\":[\"https:\/\/www.facebook.com\/torre.abadal\/\",\"https:\/\/www.instagram.com\/torre.abadal\/\"]}]}<\/script>\n<!-- \/ Yoast SEO plugin. -->","yoast_head_json":{"title":"Amigos de la Torre Modernista Abadal - Torre Modernista Abadal","robots":{"index":"index","follow":"follow","max-snippet":"max-snippet:-1","max-image-preview":"max-image-preview:large","max-video-preview":"max-video-preview:-1"},"canonical":"https:\/\/www.torreabadal.com\/es\/botiga\/amigos-de-la-torre-modernista-abadal\/","og_locale":"es_ES","og_type":"article","og_title":"Amigos de la Torre Modernista Abadal - Torre Modernista Abadal","og_description":"Precio Anual Convertirte en Amigo de la Torre Modernista Abadal te permite contribuir activamente en la conservaci\u00f3n de nuestro valioso patrimonio nacional catal\u00e1n. Con este producto, no s\u00f3lo ayudas a preservar esta joya arquitect\u00f3nica, sino que disfrutas tambi\u00e9n de una serie de beneficios exclusivos. Las ventajas de ser Amigo de la Torre Modernista Abadal incluyen:  Dos visitas guiadas gratuitas al a\u00f1o:Explora la torre y descubre sus secretos con dos visitas guiadas, sin coste para ti o para tus amigos.  Descuento del 10% en todas las actividades:Aprovecha este descuento en todas las actividades, eventos y exposiciones que organizamos, haz que tu experiencia sea a\u00fan m\u00e1s accesible.  Tote Bag exclusiva y tarjeta de socio:Al inscribirte, recibir\u00e1s por correo postal una Tote Bag de Torre Abadal y una tarjeta de socio personalizada que podr\u00e1s utilizar para obtener descuentos en nuestros productos y servicios, as\u00ed como las instrucciones de c\u00f3mo hacer uso de las ventajas.  Acceso prioritario a todos eventos:Disfruta de acceso preferente y los mejores asientos en todas las actividades y eventos especiales organizados en la torre.      Formar parte de los Amigos de la Torre Modernista Abadal es mucho m\u00e1s que una suscripci\u00f3n; es una oportunidad para unirte a un proyecto que valora y protege nuestro patrimonio cultural. Con tu contribuci\u00f3n, est\u00e1s ayudando a conservar un tesoro de nuestra historia ya garantizar que futuras generaciones puedan disfrutar de esta maravilla arquitect\u00f3nica.Participa en la protecci\u00f3n de nuestro patrimonio \u00danete ahora y empieza a disfrutar de todas estas ventajas mientras colaboras en la conservaci\u00f3n de un patrimonio \u00fanico.","og_url":"https:\/\/www.torreabadal.com\/es\/botiga\/amigos-de-la-torre-modernista-abadal\/","og_site_name":"Torre Modernista Abadal","article_publisher":"https:\/\/www.facebook.com\/torre.abadal\/","article_modified_time":"2024-09-07T06:18:12+00:00","og_image":[{"width":800,"height":978,"url":"https:\/\/www.torreabadal.com\/wp-content\/uploads\/2022\/12\/7eb27a2c-3169-4f61-b0a4-7383ab69f136.jpg","type":"image\/jpeg"}],"twitter_card":"summary_large_image","twitter_misc":{"Tiempo de lectura":"1 minuto"},"schema":{"@context":"https:\/\/schema.org","@graph":[{"@type":"WebPage","@id":"https:\/\/www.torreabadal.com\/es\/botiga\/amigos-de-la-torre-modernista-abadal\/","url":"https:\/\/www.torreabadal.com\/es\/botiga\/amigos-de-la-torre-modernista-abadal\/","name":"Amigos de la Torre Modernista Abadal - Torre Modernista Abadal","isPartOf":{"@id":"https:\/\/www.torreabadal.com\/#website"},"primaryImageOfPage":{"@id":"https:\/\/www.torreabadal.com\/es\/botiga\/amigos-de-la-torre-modernista-abadal\/#primaryimage"},"image":{"@id":"https:\/\/www.torreabadal.com\/es\/botiga\/amigos-de-la-torre-modernista-abadal\/#primaryimage"},"thumbnailUrl":"https:\/\/www.torreabadal.com\/wp-content\/uploads\/2022\/12\/7eb27a2c-3169-4f61-b0a4-7383ab69f136.jpg","datePublished":"2024-05-01T06:56:05+00:00","dateModified":"2024-09-07T06:18:12+00:00","breadcrumb":{"@id":"https:\/\/www.torreabadal.com\/es\/botiga\/amigos-de-la-torre-modernista-abadal\/#breadcrumb"},"inLanguage":"es","potentialAction":[{"@type":"ReadAction","target":["https:\/\/www.torreabadal.com\/es\/botiga\/amigos-de-la-torre-modernista-abadal\/"]}]},{"@type":"ImageObject","inLanguage":"es","@id":"https:\/\/www.torreabadal.com\/es\/botiga\/amigos-de-la-torre-modernista-abadal\/#primaryimage","url":"https:\/\/www.torreabadal.com\/wp-content\/uploads\/2022\/12\/7eb27a2c-3169-4f61-b0a4-7383ab69f136.jpg","contentUrl":"https:\/\/www.torreabadal.com\/wp-content\/uploads\/2022\/12\/7eb27a2c-3169-4f61-b0a4-7383ab69f136.jpg","width":800,"height":978},{"@type":"BreadcrumbList","@id":"https:\/\/www.torreabadal.com\/es\/botiga\/amigos-de-la-torre-modernista-abadal\/#breadcrumb","itemListElement":[{"@type":"ListItem","position":1,"name":"Inici","item":"https:\/\/www.torreabadal.com\/es\/"},{"@type":"ListItem","position":2,"name":"Tienda","item":"https:\/\/www.torreabadal.com\/es\/tienda\/"},{"@type":"ListItem","position":3,"name":"Amigos de la Torre Modernista Abadal"}]},{"@type":"WebSite","@id":"https:\/\/www.torreabadal.com\/#website","url":"https:\/\/www.torreabadal.com\/","name":"Torre Modernista Abadal","description":"Una aut\u00e8ntica casa modernista del segle XX. Hist\u00f2ria, disseny i privacitat.","publisher":{"@id":"https:\/\/www.torreabadal.com\/#organization"},"potentialAction":[{"@type":"SearchAction","target":{"@type":"EntryPoint","urlTemplate":"https:\/\/www.torreabadal.com\/?s={search_term_string}"},"query-input":"required name=search_term_string"}],"inLanguage":"es"},{"@type":"Organization","@id":"https:\/\/www.torreabadal.com\/#organization","name":"Torre Modernista Abadal","url":"https:\/\/www.torreabadal.com\/","logo":{"@type":"ImageObject","inLanguage":"es","@id":"https:\/\/www.torreabadal.com\/#\/schema\/logo\/image\/","url":"https:\/\/www.torreabadal.com\/wp-content\/uploads\/2022\/09\/cropped-abadal-01-1.png","contentUrl":"https:\/\/www.torreabadal.com\/wp-content\/uploads\/2022\/09\/cropped-abadal-01-1.png","width":1995,"height":1628,"caption":"Torre Modernista Abadal"},"image":{"@id":"https:\/\/www.torreabadal.com\/#\/schema\/logo\/image\/"},"sameAs":["https:\/\/www.facebook.com\/torre.abadal\/","https:\/\/www.instagram.com\/torre.abadal\/"]}]}},"_links":{"self":[{"href":"https:\/\/www.torreabadal.com\/es\/wp-json\/wp\/v2\/product\/4762"}],"collection":[{"href":"https:\/\/www.torreabadal.com\/es\/wp-json\/wp\/v2\/product"}],"about":[{"href":"https:\/\/www.torreabadal.com\/es\/wp-json\/wp\/v2\/types\/product"}],"wp:featuredmedia":[{"embeddable":true,"href":"https:\/\/www.torreabadal.com\/es\/wp-json\/wp\/v2\/media\/4763"}],"wp:attachment":[{"href":"https:\/\/www.torreabadal.com\/es\/wp-json\/wp\/v2\/media?parent=4762"}],"wp:term":[{"taxonomy":"product_cat","embeddable":true,"href":"https:\/\/www.torreabadal.com\/es\/wp-json\/wp\/v2\/product_cat?post=4762"},{"taxonomy":"product_tag","embeddable":true,"href":"https:\/\/www.torreabadal.com\/es\/wp-json\/wp\/v2\/product_tag?post=4762"}],"curies":[{"name":"wp","href":"https:\/\/api.w.org\/{rel}","templated":true}]}}